{"id":10,"date":"2016-11-07T04:06:06","date_gmt":"2016-11-07T04:06:06","guid":{"rendered":"https:\/\/wp.tagesfamilien-aaa.ch\/?page_id=10"},"modified":"2023-04-20T13:20:11","modified_gmt":"2023-04-20T13:20:11","slug":"angebot","status":"publish","type":"page","link":"https:\/\/www.tagesfamilien-aaa.ch\/index.php\/angebot\/","title":{"rendered":"Angebot"},"content":{"rendered":"<p><div class=\"fusion-fullwidth fullwidth-box fusion-builder-row-1 hundred-percent-fullwidth non-hundred-percent-height-scrolling\" style=\"--awb-border-radius-top-left:0px;--awb-border-radius-top-right:0px;--awb-border-radius-bottom-right:0px;--awb-border-radius-bottom-left:0px;--awb-padding-top:0px;--awb-padding-right:0px;--awb-padding-bottom:0px;--awb-padding-left:0px;--awb-flex-wrap:wrap;\" ><div class=\"fusion-builder-row fusion-row\"><div class=\"fusion-layout-column fusion_builder_column fusion-builder-column-0 fusion_builder_column_1_1 1_1 fusion-one-full fusion-column-first fusion-column-last\" style=\"--awb-bg-size:cover;\"><div class=\"fusion-column-wrapper fusion-flex-column-wrapper-legacy\">\t\t\t\t\t<div class=\"fusion-slider-container fusion-slider-sc-tfba_angebot fusion-slider-40 full-width-slider\" style=\"height:300px; max-width:100%;\" data-id=\"40\" data-full_height=\"\">\n\t\t\t\t\t\t<style type=\"text\/css\">.fusion-slider-40 .flex-direction-nav a {width:63px;height:63px;line-height:63px;font-size:25px;}<\/style>\t\t\t\t\t\t<div class=\"fusion-slider-loading\">Laden...<\/div>\n\t\t\t\t\t\t<div class=\"tfs-slider flexslider main-flex full-width-slider\" data-slider_width=\"100%\" data-slider_height=\"300px\" data-full_screen=\"0\" data-parallax=\"0\" data-nav_arrows=\"0\" data-nav_box_width=\"63px\" data-nav_box_height=\"63px\" data-nav_arrow_size=\"25px\" data-autoplay=\"1\" data-loop=\"1\" data-orderby=\"modified\" data-order=\"DESC\" data-animation=\"slide\" data-slideshow_speed=\"4000\" data-animation_speed=\"1000\" data-typo_sensitivity=\"1\" data-typo_factor=\"1.5\" style=\"max-width:100%;\">\n\t\t\t\t\t\t\t<ul class=\"slides\">\n\t\t\t\t\t\t\t\t\t\t\t\t\t\t\t\t\t<li data-mute=\"yes\" data-loop=\"yes\" data-autoplay=\"yes\">\n\t\t\t\t\t\t\t\t\t\t<div class=\"slide-content-container slide-content-center\" style=\"display: none;\">\n\t\t\t\t\t\t\t\t\t\t\t<div class=\"slide-content\" style=\"\">\n\t\t\t\t\t\t\t\t\t\t\t\t\t\t\t\t\t\t\t\t\t\t\t\t\t<div class=\"heading \">\n\t\t\t\t\t\t\t\t\t\t\t\t\t\t<div class=\"fusion-title-sc-wrapper\" style=\"\">\n\t\t\t\t\t\t\t\t\t\t\t\t\t\t\t<div class=\"fusion-title title fusion-title-1 fusion-sep-none fusion-title-center fusion-title-text fusion-title-size-three\" style=\"--awb-text-color:#ffffff;--awb-sep-color:#ffffff;--awb-font-size:60px;\"><h3 class=\"fusion-title-heading title-heading-center fusion-responsive-typography-calculated\" style=\"margin:0;font-size:1em;--fontSize:60;line-height:1.33;\">Suchen Sie einen Mittagstisch?<\/h3><\/div>\t\t\t\t\t\t\t\t\t\t\t\t\t\t<\/div>\n\t\t\t\t\t\t\t\t\t\t\t\t\t<\/div>\n\t\t\t\t\t\t\t\t\t\t\t\t\t\t\t\t\t\t\t\t\t\t\t\t\t\t\t\t\t\t\t\t\t\t\t\t\t\t\t\t\t\t\t\t\t\t\t<\/div>\n\t\t\t\t\t\t\t\t\t\t<\/div>\n\t\t\t\t\t\t\t\t\t\t\t\t\t\t\t\t\t\t\t\t\t\t\t\t\t\t\t\t\t\t\t\t\t\t\t\t\t\t\t\t<div class=\"background background-image\" style=\"background-image: url(https:\/\/www.tagesfamilien-aaa.ch\/wp-content\/uploads\/2018\/04\/hal-gatewood-569092-unsplash.jpg);max-width:100%;height:300px;filter: progid:DXImageTransform.Microsoft.AlphaImageLoader(src='https:\/\/www.tagesfamilien-aaa.ch\/wp-content\/uploads\/2018\/04\/hal-gatewood-569092-unsplash.jpg', sizingMethod='scale');\" data-imgwidth=\"2256\">\n\t\t\t\t\t\t\t\t\t\t\t\t\t\t\t\t\t\t\t\t\t\t\t\t\t\t\t\t\t\t\t\t\t\t\t\t\t\t\t\t\t\t\t\t\t\t\t\t\t\t\t\t\t\t\t\t\t\t\t\t\t\t\t\t\t\t<\/div>\n\t\t\t\t\t\t\t\t\t<\/li>\n\t\t\t\t\t\t\t\t\t\t\t\t\t\t\t\t\t<li data-mute=\"yes\" data-loop=\"yes\" data-autoplay=\"yes\">\n\t\t\t\t\t\t\t\t\t\t<div class=\"slide-content-container slide-content-center\" style=\"display: none;\">\n\t\t\t\t\t\t\t\t\t\t\t<div class=\"slide-content\" style=\"\">\n\t\t\t\t\t\t\t\t\t\t\t\t\t\t\t\t\t\t\t\t\t\t\t\t\t<div class=\"heading \">\n\t\t\t\t\t\t\t\t\t\t\t\t\t\t<div class=\"fusion-title-sc-wrapper\" style=\"\">\n\t\t\t\t\t\t\t\t\t\t\t\t\t\t\t<div class=\"fusion-title title fusion-title-2 fusion-sep-none fusion-title-center fusion-title-text fusion-title-size-three\" style=\"--awb-text-color:#ffffff;--awb-sep-color:#ffffff;--awb-font-size:60px;\"><h3 class=\"fusion-title-heading title-heading-center fusion-responsive-typography-calculated\" style=\"margin:0;font-size:1em;--fontSize:60;line-height:1.33;\">M\u00f6chten Sie Kinder betreuen?<\/h3><\/div>\t\t\t\t\t\t\t\t\t\t\t\t\t\t<\/div>\n\t\t\t\t\t\t\t\t\t\t\t\t\t<\/div>\n\t\t\t\t\t\t\t\t\t\t\t\t\t\t\t\t\t\t\t\t\t\t\t\t\t\t\t\t\t\t\t\t\t\t\t\t\t\t\t\t\t\t\t\t\t\t\t<\/div>\n\t\t\t\t\t\t\t\t\t\t<\/div>\n\t\t\t\t\t\t\t\t\t\t\t\t\t\t\t\t\t\t\t\t\t\t\t\t\t\t\t\t\t\t\t\t\t\t\t\t\t\t\t\t<div class=\"background \" style=\"max-width:100%;height:300px;filter: progid:DXImageTransform.Microsoft.AlphaImageLoader(src='', sizingMethod='scale');\" data-imgwidth=\"\">\n\t\t\t\t\t\t\t\t\t\t\t\t\t\t\t\t\t\t\t\t\t\t\t\t\t\t\t\t\t\t\t\t\t\t\t\t\t\t\t\t\t\t\t\t\t\t\t\t\t\t\t\t\t\t\t\t\t\t\t\t\t\t\t\t\t\t<\/div>\n\t\t\t\t\t\t\t\t\t<\/li>\n\t\t\t\t\t\t\t\t\t\t\t\t\t\t\t\t\t<li data-mute=\"yes\" data-loop=\"yes\" data-autoplay=\"yes\">\n\t\t\t\t\t\t\t\t\t\t<div class=\"slide-content-container slide-content-center\" style=\"display: none;\">\n\t\t\t\t\t\t\t\t\t\t\t<div class=\"slide-content\" style=\"\">\n\t\t\t\t\t\t\t\t\t\t\t\t\t\t\t\t\t\t\t\t\t\t\t\t\t<div class=\"heading \">\n\t\t\t\t\t\t\t\t\t\t\t\t\t\t<div class=\"fusion-title-sc-wrapper\" style=\"\">\n\t\t\t\t\t\t\t\t\t\t\t\t\t\t\t<div class=\"fusion-title title fusion-title-3 fusion-sep-none fusion-title-center fusion-title-text fusion-title-size-three\" style=\"--awb-text-color:#ffffff;--awb-sep-color:#ffffff;--awb-font-size:60px;\"><h3 class=\"fusion-title-heading title-heading-center fusion-responsive-typography-calculated\" style=\"margin:0;font-size:1em;--fontSize:60;line-height:1.33;\">Suchen Sie Tageseltern?<\/h3><\/div>\t\t\t\t\t\t\t\t\t\t\t\t\t\t<\/div>\n\t\t\t\t\t\t\t\t\t\t\t\t\t<\/div>\n\t\t\t\t\t\t\t\t\t\t\t\t\t\t\t\t\t\t\t\t\t\t\t\t\t\t\t\t\t\t\t\t\t\t\t\t\t\t\t\t\t\t\t\t\t\t\t<\/div>\n\t\t\t\t\t\t\t\t\t\t<\/div>\n\t\t\t\t\t\t\t\t\t\t\t\t\t\t\t\t\t\t\t\t\t\t\t\t\t\t\t\t\t\t\t\t\t\t\t\t\t\t\t\t<div class=\"background \" style=\"max-width:100%;height:300px;filter: progid:DXImageTransform.Microsoft.AlphaImageLoader(src='', sizingMethod='scale');\" data-imgwidth=\"\">\n\t\t\t\t\t\t\t\t\t\t\t\t\t\t\t\t\t\t\t\t\t\t\t\t\t\t\t\t\t\t\t\t\t\t\t\t\t\t\t\t\t\t\t\t\t\t\t\t\t\t\t\t\t\t\t\t\t\t\t\t\t\t\t\t\t\t<\/div>\n\t\t\t\t\t\t\t\t\t<\/li>\n\t\t\t\t\t\t\t\t\t\t\t\t\t\t\t\t\t\t\t\t\t\t\t<\/ul>\n\t\t\t\t\t\t<\/div>\n\t\t\t\t\t<\/div>\n\t\t\t\t\t\t\t\t<div class=\"fusion-clearfix\"><\/div><\/div><\/div><\/div><\/div><div class=\"fusion-fullwidth fullwidth-box fusion-builder-row-2 nonhundred-percent-fullwidth non-hundred-percent-height-scrolling\" style=\"--awb-border-radius-top-left:0px;--awb-border-radius-top-right:0px;--awb-border-radius-bottom-right:0px;--awb-border-radius-bottom-left:0px;--awb-flex-wrap:wrap;\" ><div class=\"fusion-builder-row fusion-row\"><div class=\"fusion-layout-column fusion_builder_column fusion-builder-column-1 fusion_builder_column_1_1 1_1 fusion-one-full fusion-column-first fusion-column-last\" style=\"--awb-bg-size:cover;\"><div class=\"fusion-column-wrapper fusion-flex-column-wrapper-legacy\"><div class=\"fusion-text fusion-text-1\"><h2>Tagesfamilien Bezirk Affoltern in Zahlen<\/h2>\n<\/div><div class=\"fusion-counters-box counters-box row fusion-clearfix fusion-columns-3\" style=\"--awb-body-color:#2a2b2f;--awb-border-color:#f5f5f5;--awb-color:#6dc7b5;--awb-icon-size:30;--awb-border-color:#f5f5f5;\"><div class=\"fusion-counter-box fusion-column col-counter-box counter-box-wrapper col-lg-4 col-md-4 col-sm-4\" data-animationOffset=\"top-into-view\"><div class=\"counter-box-container\"><div class=\"content-box-percentage content-box-counter\"><i class=\"counter-box-icon fontawesome-icon fa-male fas\" aria-hidden=\"true\"><\/i><span class=\"display-counter\" data-value=\"64\" data-direction=\"up\" data-decimals=\"0\">0<\/span><\/div><div class=\"counter-box-content\">Abgebende Eltern<\/div><\/div><\/div><div class=\"fusion-counter-box fusion-column col-counter-box counter-box-wrapper col-lg-4 col-md-4 col-sm-4\" data-animationOffset=\"top-into-view\"><div class=\"counter-box-container\"><div class=\"content-box-percentage content-box-counter\"><i class=\"counter-box-icon fontawesome-icon fa-odnoklassniki fab\" aria-hidden=\"true\"><\/i><span class=\"display-counter\" data-value=\"91\" data-direction=\"up\" data-decimals=\"0\">0<\/span><\/div><div class=\"counter-box-content\">Betreute Kinder<\/div><\/div><\/div><div class=\"fusion-counter-box fusion-column col-counter-box counter-box-wrapper col-lg-4 col-md-4 col-sm-4\" data-animationOffset=\"top-into-view\"><div class=\"counter-box-container\"><div class=\"content-box-percentage content-box-counter\"><i class=\"counter-box-icon fontawesome-icon fa-user fas\" aria-hidden=\"true\"><\/i><span class=\"display-counter\" data-value=\"27\" data-direction=\"up\" data-decimals=\"0\">0<\/span><\/div><div class=\"counter-box-content\">Tageseltern<\/div><\/div><\/div><\/div><div class=\"clearfix\"><\/div><div class=\"fusion-clearfix\"><\/div><\/div><\/div><\/div><\/div><div class=\"fusion-fullwidth fullwidth-box fusion-builder-row-3 fusion-flex-container has-pattern-background has-mask-background nonhundred-percent-fullwidth non-hundred-percent-height-scrolling\" style=\"--awb-border-radius-top-left:0px;--awb-border-radius-top-right:0px;--awb-border-radius-bottom-right:0px;--awb-border-radius-bottom-left:0px;--awb-flex-wrap:wrap;\" ><div class=\"fusion-builder-row fusion-row fusion-flex-align-items-flex-start fusion-flex-content-wrap\" style=\"max-width:1289.6px;margin-left: calc(-4% \/ 2 );margin-right: calc(-4% \/ 2 );\"><div class=\"fusion-layout-column fusion_builder_column fusion-builder-column-2 fusion_builder_column_1_1 1_1 fusion-flex-column\" style=\"--awb-bg-size:cover;--awb-width-large:100%;--awb-margin-top-large:0px;--awb-spacing-right-large:1.92%;--awb-margin-bottom-large:40px;--awb-spacing-left-large:1.92%;--awb-width-medium:100%;--awb-order-medium:0;--awb-spacing-right-medium:1.92%;--awb-spacing-left-medium:1.92%;--awb-width-small:100%;--awb-order-small:0;--awb-spacing-right-small:1.92%;--awb-spacing-left-small:1.92%;\"><div class=\"fusion-column-wrapper fusion-column-has-shadow fusion-flex-justify-content-flex-start fusion-content-layout-column\"><div class=\"fusion-builder-row fusion-builder-row-inner fusion-row fusion-flex-align-items-flex-start fusion-flex-content-wrap\" style=\"width:104% !important;max-width:104% !important;margin-left: calc(-4% \/ 2 );margin-right: calc(-4% \/ 2 );\"><div class=\"fusion-layout-column fusion_builder_column_inner fusion-builder-nested-column-0 fusion_builder_column_inner_1_2 1_2 fusion-flex-column\" style=\"--awb-bg-size:cover;--awb-width-large:50%;--awb-margin-top-large:0px;--awb-spacing-right-large:3.84%;--awb-margin-bottom-large:40px;--awb-spacing-left-large:3.84%;--awb-width-medium:100%;--awb-order-medium:0;--awb-spacing-right-medium:1.92%;--awb-spacing-left-medium:1.92%;--awb-width-small:100%;--awb-order-small:0;--awb-spacing-right-small:1.92%;--awb-spacing-left-small:1.92%;\"><div class=\"fusion-column-wrapper fusion-column-has-shadow fusion-flex-justify-content-flex-start fusion-content-layout-column\"><div class=\"fusion-text fusion-text-2\"><h2>Unser Angebot im \u00dcberblick<\/h2>\n<\/div><div class=\"fusion-text fusion-text-3\"><p>Tagesfamilien Bezirk Affoltern vermittelt und organisiert Tagespl\u00e4tze f\u00fcr Kinder in allen Bezirksgemeinden. Die Organisation bringt die abgebenden Eltern mit den f\u00fcr sie passenden Tagesfamilien zusammen und vermittelt auch weitere Formen von familienerg\u00e4nzender Betreuung.<br \/>\nIm breiten Angebot der familienerg\u00e4nzenden Kinderbetreuung bietet die Tagesfamilie eine der flexibelsten Betreuungsformen an. Ein grosser Vorteil ist, dass die Betreuungszeiten individuell den Bed\u00fcrfnissen der Beteiligten angepasst werden, d.h. die Betreuung kann stunden-, halbtags- oder ganztagsweise sein \u2013 an einem oder mehreren Tagen. Dabei betreut eine Tagesmutter in der Regel bei sich zu Hause ein oder mehrere Kinder.<\/p>\n<\/div><\/div><\/div><div class=\"fusion-layout-column fusion_builder_column_inner fusion-builder-nested-column-1 fusion_builder_column_inner_1_2 1_2 fusion-flex-column\" style=\"--awb-bg-size:cover;--awb-width-large:50%;--awb-margin-top-large:0px;--awb-spacing-right-large:3.84%;--awb-margin-bottom-large:40px;--awb-spacing-left-large:3.84%;--awb-width-medium:100%;--awb-order-medium:0;--awb-spacing-right-medium:1.92%;--awb-spacing-left-medium:1.92%;--awb-width-small:100%;--awb-order-small:0;--awb-spacing-right-small:1.92%;--awb-spacing-left-small:1.92%;\"><div class=\"fusion-column-wrapper fusion-column-has-shadow fusion-flex-justify-content-flex-start fusion-content-layout-column\"><div class=\"fusion-image-element \" style=\"--awb-aspect-ratio:2 \/ 1;--awb-caption-title-font-family:var(--h2_typography-font-family);--awb-caption-title-font-weight:var(--h2_typography-font-weight);--awb-caption-title-font-style:var(--h2_typography-font-style);--awb-caption-title-size:var(--h2_typography-font-size);--awb-caption-title-transform:var(--h2_typography-text-transform);--awb-caption-title-line-height:var(--h2_typography-line-height);--awb-caption-title-letter-spacing:var(--h2_typography-letter-spacing);\"><span class=\" fusion-imageframe imageframe-none imageframe-1 hover-type-none has-aspect-ratio\"><img decoding=\"async\" src=\"https:\/\/www.tagesfamilien-aaa.ch\/wp-content\/uploads\/2023\/03\/pexels-daria-obymaha-1683975-scaled.jpg\" class=\"img-responsive img-with-aspect-ratio\" data-parent-fit=\"cover\" data-parent-container=\".fusion-image-element\" alt \/><\/span><\/div><div class=\"fusion-separator fusion-full-width-sep\" style=\"align-self: center;margin-left: auto;margin-right: auto;margin-top:50px;width:100%;\"><\/div><div class=\"fusion-text fusion-text-4\"><p>Ein weiterer wichtiger Nutzen ist, dass Kinder unterschiedlichen Alters betreut werden. So werden auch Geschwister gemeinsam oder Schulkinder in der gleichen Tagesfamilie platziert.<br \/>\nDer Verein Tagesfamilien Bezirk Affoltern k\u00fcmmert sich um die administrativen und finanziellen Aspekte. So werden die notwendigen Richtlinien erstellt, Rahmenbedingungen und Vertr\u00e4ge vorgegeben. Es werden Grund-\u00a0und Weiterbildungskurse angeboten und f\u00fcr die Einhaltung der gesetzlichen Bestimmungen, Sozialversicherungsfragen u.a. wird gesorgt.<\/p>\n<\/div><\/div><\/div><\/div><\/div><\/div><\/div><\/div><div class=\"fusion-fullwidth fullwidth-box fusion-builder-row-4 nonhundred-percent-fullwidth non-hundred-percent-height-scrolling\" style=\"--awb-border-radius-top-left:0px;--awb-border-radius-top-right:0px;--awb-border-radius-bottom-right:0px;--awb-border-radius-bottom-left:0px;--awb-padding-right:0px;--awb-padding-left:0px;--awb-flex-wrap:wrap;\" ><div class=\"fusion-builder-row fusion-row\"><div class=\"fusion-layout-column fusion_builder_column fusion-builder-column-3 fusion_builder_column_1_3 1_3 fusion-one-third fusion-column-first fusion-column-no-min-height\" style=\"--awb-padding-top:20px;--awb-bg-color:#3d434c;--awb-bg-color-hover:#3d434c;--awb-bg-size:cover;--awb-margin-bottom:-0px;width:33.333333333333%;width:calc(33.333333333333% - ( ( 4% + 4% ) * 0.33333333333333 ) );margin-right: 4%;\"><div class=\"fusion-column-wrapper fusion-flex-column-wrapper-legacy\"><div class=\"fusion-title title fusion-title-4 fusion-sep-none fusion-title-center fusion-title-text fusion-title-size-three\" style=\"--awb-margin-bottom:20px;\"><h3 class=\"fusion-title-heading title-heading-center fusion-responsive-typography-calculated\" style=\"margin:0;--fontSize:34;line-height:1.29;\"><p style=\"text-align: center;color: #f5f5f5\">Tagesfamilie werden<\/p><\/h3><\/div><div class=\"fusion-image-element in-legacy-container\" style=\"--awb-caption-title-font-family:var(--h2_typography-font-family);--awb-caption-title-font-weight:var(--h2_typography-font-weight);--awb-caption-title-font-style:var(--h2_typography-font-style);--awb-caption-title-size:var(--h2_typography-font-size);--awb-caption-title-transform:var(--h2_typography-text-transform);--awb-caption-title-line-height:var(--h2_typography-line-height);--awb-caption-title-letter-spacing:var(--h2_typography-letter-spacing);\"><span class=\" fusion-imageframe imageframe-none imageframe-2 hover-type-none\"><img decoding=\"async\" width=\"6000\" height=\"4004\" title=\"activity-art-art-class-730807\" src=\"https:\/\/www.tagesfamilien-aaa.ch\/wp-content\/uploads\/2018\/04\/activity-art-art-class-730807.jpg\" alt class=\"img-responsive wp-image-1248\" srcset=\"https:\/\/www.tagesfamilien-aaa.ch\/wp-content\/uploads\/2018\/04\/activity-art-art-class-730807-200x133.jpg 200w, https:\/\/www.tagesfamilien-aaa.ch\/wp-content\/uploads\/2018\/04\/activity-art-art-class-730807-400x267.jpg 400w, https:\/\/www.tagesfamilien-aaa.ch\/wp-content\/uploads\/2018\/04\/activity-art-art-class-730807-600x400.jpg 600w, https:\/\/www.tagesfamilien-aaa.ch\/wp-content\/uploads\/2018\/04\/activity-art-art-class-730807-800x534.jpg 800w, https:\/\/www.tagesfamilien-aaa.ch\/wp-content\/uploads\/2018\/04\/activity-art-art-class-730807-1200x801.jpg 1200w, https:\/\/www.tagesfamilien-aaa.ch\/wp-content\/uploads\/2018\/04\/activity-art-art-class-730807.jpg 6000w\" sizes=\"(max-width: 960px) 100vw, 400px\" \/><\/span><\/div><div class=\"fusion-text fusion-text-5\"><p class=\"angebot_text\" style=\"padding-left: 10px\">Die Betreuungspersonen in Tagesfamilien erbringen eine wichtige gesellschaftspolitische Leistung, indem sie eines oder mehrere Kinder betreuen und in ihre Familie aufnehmen. Die Tageseltern&#8230;<\/p>\n<\/div><div class=\"fusion-aligncenter\"><a class=\"fusion-button button-flat fusion-button-default-size button-custom fusion-button-default button-1 fusion-button-span-no \" style=\"--button_accent_color:#6fc7b5;--button_border_color:#6fc7b5;--button_accent_hover_color:#ffffff;--button_border_hover_color:#ffffff;--button_border_width-top:0px;--button_border_width-right:0px;--button_border_width-bottom:0px;--button_border_width-left:0px;--button-border-radius-top-left:25px;--button-border-radius-top-right:25px;--button-border-radius-bottom-right:25px;--button-border-radius-bottom-left:25px;--button_gradient_top_color:#f5f5f5;--button_gradient_bottom_color:#f5f5f5;--button_gradient_top_color_hover:#6dc7b5;--button_gradient_bottom_color_hover:#6dc7b5;\" target=\"_self\" href=\"https:\/\/tagesfamilien-aaa.ch\/index.php\/angebot\/tagesfamilie\/\"><i class=\"fa-link fas awb-button__icon awb-button__icon--default button-icon-left\" aria-hidden=\"true\"><\/i><span class=\"fusion-button-text awb-button__text awb-button__text--default\">Weiter<\/span><\/a><\/div><div class=\"fusion-clearfix\"><\/div><\/div><\/div><div class=\"fusion-layout-column fusion_builder_column fusion-builder-column-4 fusion_builder_column_1_3 1_3 fusion-one-third fusion-column-no-min-height\" style=\"--awb-padding-top:20px;--awb-bg-color:#3d434c;--awb-bg-color-hover:#3d434c;--awb-bg-size:cover;--awb-margin-bottom:-0px;width:33.333333333333%;width:calc(33.333333333333% - ( ( 4% + 4% ) * 0.33333333333333 ) );margin-right: 4%;\"><div class=\"fusion-column-wrapper fusion-flex-column-wrapper-legacy\"><div class=\"fusion-title title fusion-title-5 fusion-sep-none fusion-title-center fusion-title-text fusion-title-size-three\" style=\"--awb-margin-bottom:20px;\"><h3 class=\"fusion-title-heading title-heading-center fusion-responsive-typography-calculated\" style=\"margin:0;--fontSize:34;line-height:1.29;\"><p style=\"text-align: center;color: #f5f5f5\">Tagesfamilie finden<\/p><\/h3><\/div><div class=\"fusion-image-element fusion-image-align-center in-legacy-container\" style=\"text-align:center;--awb-caption-title-font-family:var(--h2_typography-font-family);--awb-caption-title-font-weight:var(--h2_typography-font-weight);--awb-caption-title-font-style:var(--h2_typography-font-style);--awb-caption-title-size:var(--h2_typography-font-size);--awb-caption-title-transform:var(--h2_typography-text-transform);--awb-caption-title-line-height:var(--h2_typography-line-height);--awb-caption-title-letter-spacing:var(--h2_typography-letter-spacing);\"><div class=\"imageframe-align-center\"><span class=\" fusion-imageframe imageframe-none imageframe-3 hover-type-none\"><img decoding=\"async\" width=\"2560\" height=\"1707\" title=\"pexels-lina-kivaka-1741231\" src=\"https:\/\/www.tagesfamilien-aaa.ch\/wp-content\/uploads\/2023\/03\/pexels-lina-kivaka-1741231-scaled.jpg\" alt class=\"img-responsive wp-image-4195\" srcset=\"https:\/\/www.tagesfamilien-aaa.ch\/wp-content\/uploads\/2023\/03\/pexels-lina-kivaka-1741231-200x133.jpg 200w, https:\/\/www.tagesfamilien-aaa.ch\/wp-content\/uploads\/2023\/03\/pexels-lina-kivaka-1741231-400x267.jpg 400w, https:\/\/www.tagesfamilien-aaa.ch\/wp-content\/uploads\/2023\/03\/pexels-lina-kivaka-1741231-600x400.jpg 600w, https:\/\/www.tagesfamilien-aaa.ch\/wp-content\/uploads\/2023\/03\/pexels-lina-kivaka-1741231-800x533.jpg 800w, https:\/\/www.tagesfamilien-aaa.ch\/wp-content\/uploads\/2023\/03\/pexels-lina-kivaka-1741231-1200x800.jpg 1200w, https:\/\/www.tagesfamilien-aaa.ch\/wp-content\/uploads\/2023\/03\/pexels-lina-kivaka-1741231-scaled.jpg 2560w\" sizes=\"(max-width: 960px) 100vw, 400px\" \/><\/span><\/div><\/div><div class=\"fusion-text fusion-text-6\"><p class=\"angebot_text\" style=\"padding-left: 10px\">Die Familie ist ein wichtiger Bestandteil der Gesellschaft. Besonders Kinder brauchen Aufmerksamkeit, Geborgenheit aber auch Freiraum f\u00fcr ihre eigenen Erfahrungen.\u00a0Daher&#8230;<\/p>\n<\/div><div class=\"fusion-aligncenter\"><a class=\"fusion-button button-flat fusion-button-default-size button-custom fusion-button-default button-2 fusion-button-span-no fusion-button-default-type\" style=\"--button_accent_color:#6fc7b5;--button_border_color:#6fc7b5;--button_accent_hover_color:#ffffff;--button_border_hover_color:#ffffff;--button_border_width-top:0px;--button_border_width-right:0px;--button_border_width-bottom:0px;--button_border_width-left:0px;--button-border-radius-top-left:25px;--button-border-radius-top-right:25px;--button-border-radius-bottom-right:25px;--button-border-radius-bottom-left:25px;--button_gradient_top_color:#f5f5f5;--button_gradient_bottom_color:#f5f5f5;--button_gradient_top_color_hover:#6dc7b5;--button_gradient_bottom_color_hover:#6dc7b5;\" target=\"_self\" href=\"https:\/\/tagesfamilien-aaa.ch\/index.php\/angebot\/abgebende\/\"><i class=\"fa-link fas awb-button__icon awb-button__icon--default button-icon-left\" aria-hidden=\"true\"><\/i><span class=\"fusion-button-text awb-button__text awb-button__text--default\">Weiter<\/span><\/a><\/div><div class=\"fusion-clearfix\"><\/div><\/div><\/div><div class=\"fusion-layout-column fusion_builder_column fusion-builder-column-5 fusion_builder_column_1_3 1_3 fusion-one-third fusion-column-last fusion-column-no-min-height\" style=\"--awb-padding-top:20px;--awb-bg-color:#3d434c;--awb-bg-color-hover:#3d434c;--awb-bg-size:cover;--awb-margin-bottom:-0px;width:33.333333333333%;width:calc(33.333333333333% - ( ( 4% + 4% ) * 0.33333333333333 ) );\"><div class=\"fusion-column-wrapper fusion-flex-column-wrapper-legacy\"><div class=\"fusion-title title fusion-title-6 fusion-sep-none fusion-title-center fusion-title-text fusion-title-size-three\" style=\"--awb-margin-bottom:20px;\"><h3 class=\"fusion-title-heading title-heading-center fusion-responsive-typography-calculated\" style=\"margin:0;--fontSize:34;line-height:1.29;\"><p style=\"text-align: center;color: #f5f5f5\">Mittagstisch<\/p><\/h3><\/div><div class=\"fusion-image-element in-legacy-container\" style=\"--awb-caption-title-font-family:var(--h2_typography-font-family);--awb-caption-title-font-weight:var(--h2_typography-font-weight);--awb-caption-title-font-style:var(--h2_typography-font-style);--awb-caption-title-size:var(--h2_typography-font-size);--awb-caption-title-transform:var(--h2_typography-text-transform);--awb-caption-title-line-height:var(--h2_typography-line-height);--awb-caption-title-letter-spacing:var(--h2_typography-letter-spacing);\"><span class=\" fusion-imageframe imageframe-none imageframe-4 hover-type-none bild_angebot\"><img decoding=\"async\" width=\"2256\" height=\"1496\" title=\"hal-gatewood-569092-unsplash\" src=\"https:\/\/www.tagesfamilien-aaa.ch\/wp-content\/uploads\/2018\/04\/hal-gatewood-569092-unsplash.jpg\" alt class=\"img-responsive wp-image-1259\" srcset=\"https:\/\/www.tagesfamilien-aaa.ch\/wp-content\/uploads\/2018\/04\/hal-gatewood-569092-unsplash-200x133.jpg 200w, https:\/\/www.tagesfamilien-aaa.ch\/wp-content\/uploads\/2018\/04\/hal-gatewood-569092-unsplash-400x265.jpg 400w, https:\/\/www.tagesfamilien-aaa.ch\/wp-content\/uploads\/2018\/04\/hal-gatewood-569092-unsplash-600x398.jpg 600w, https:\/\/www.tagesfamilien-aaa.ch\/wp-content\/uploads\/2018\/04\/hal-gatewood-569092-unsplash-800x530.jpg 800w, https:\/\/www.tagesfamilien-aaa.ch\/wp-content\/uploads\/2018\/04\/hal-gatewood-569092-unsplash-1200x796.jpg 1200w, https:\/\/www.tagesfamilien-aaa.ch\/wp-content\/uploads\/2018\/04\/hal-gatewood-569092-unsplash.jpg 2256w\" sizes=\"(max-width: 960px) 100vw, 400px\" \/><\/span><\/div><div class=\"fusion-text fusion-text-7\"><p class=\"angebot_text\" style=\"padding-left: 10px\">Wir bieten Geborgenheit und liebevolle Atmosph\u00e4re in einer Tagesfamilie \u00fcber Mittag und zus\u00e4tzliche Betreuung an schulfreien Nachmittagen und w\u00e4hrend der Schulferien.<\/p>\n<\/div><div class=\"fusion-aligncenter\"><a class=\"fusion-button button-flat fusion-button-default-size button-custom fusion-button-default button-3 fusion-button-span-no fusion-button-default-type\" style=\"--button_accent_color:#6fc7b5;--button_border_color:#6fc7b5;--button_accent_hover_color:#ffffff;--button_border_hover_color:#ffffff;--button_border_width-top:0px;--button_border_width-right:0px;--button_border_width-bottom:0px;--button_border_width-left:0px;--button-border-radius-top-left:25px;--button-border-radius-top-right:25px;--button-border-radius-bottom-right:25px;--button-border-radius-bottom-left:25px;--button_gradient_top_color:#f5f5f5;--button_gradient_bottom_color:#f5f5f5;--button_gradient_top_color_hover:#6dc7b5;--button_gradient_bottom_color_hover:#6dc7b5;\" target=\"_self\" href=\"https:\/\/tagesfamilien-aaa.ch\/index.php\/angebot\/mittagstisch\/\"><i class=\"fa-link fas awb-button__icon awb-button__icon--default button-icon-left\" aria-hidden=\"true\"><\/i><span class=\"fusion-button-text awb-button__text awb-button__text--default\">Weiter<\/span><\/a><\/div><div class=\"fusion-clearfix\"><\/div><\/div><\/div><div class=\"fusion-layout-column fusion_builder_column fusion-builder-column-6 fusion_builder_column_1_3 1_3 fusion-one-third fusion-column-first fusion-column-no-min-height\" style=\"--awb-padding-top:20px;--awb-bg-color:#3d434c;--awb-bg-color-hover:#3d434c;--awb-bg-size:cover;width:33.333333333333%;width:calc(33.333333333333% - ( ( 4% + 4% ) * 0.33333333333333 ) );margin-right: 4%;\"><div class=\"fusion-column-wrapper fusion-flex-column-wrapper-legacy\"><div class=\"fusion-clearfix\"><\/div><\/div><\/div><div class=\"fusion-layout-column fusion_builder_column fusion-builder-column-7 fusion_builder_column_1_3 1_3 fusion-one-third fusion-column-no-min-height\" style=\"--awb-padding-top:20px;--awb-bg-color:#3d434c;--awb-bg-color-hover:#3d434c;--awb-bg-size:cover;width:33.333333333333%;width:calc(33.333333333333% - ( ( 4% + 4% ) * 0.33333333333333 ) );margin-right: 4%;\"><div class=\"fusion-column-wrapper fusion-flex-column-wrapper-legacy\"><div class=\"fusion-clearfix\"><\/div><\/div><\/div><div class=\"fusion-layout-column fusion_builder_column fusion-builder-column-8 fusion_builder_column_1_3 1_3 fusion-one-third fusion-column-last fusion-column-no-min-height\" style=\"--awb-padding-top:20px;--awb-bg-color:#3d434c;--awb-bg-color-hover:#3d434c;--awb-bg-size:cover;width:33.333333333333%;width:calc(33.333333333333% - ( ( 4% + 4% ) * 0.33333333333333 ) );\"><div class=\"fusion-column-wrapper fusion-flex-column-wrapper-legacy\"><div class=\"fusion-clearfix\"><\/div><\/div><\/div><\/div><\/div><div class=\"fusion-fullwidth fullwidth-box fusion-builder-row-5 fusion-parallax-none nonhundred-percent-fullwidth non-hundred-percent-height-scrolling\" style=\"--awb-border-radius-top-left:0px;--awb-border-radius-top-right:0px;--awb-border-radius-bottom-right:0px;--awb-border-radius-bottom-left:0px;--awb-padding-bottom:130px;--awb-background-image:url(&quot;https:\/\/www.tagesfamilien-aaa.ch\/wp-content\/uploads\/2018\/04\/ausbildung-bildung-buntstifte-207653_sw.jpg&quot;);--awb-background-size:cover;--awb-flex-wrap:wrap;\" ><div class=\"fusion-builder-row fusion-row\"><div class=\"fusion-layout-column fusion_builder_column fusion-builder-column-9 fusion_builder_column_1_1 1_1 fusion-one-full fusion-column-first fusion-column-last\" style=\"--awb-bg-size:cover;--awb-margin-bottom:140px;\"><div class=\"fusion-column-wrapper fusion-flex-column-wrapper-legacy\"><div class=\"fusion-section-separator section-separator rounded-split fusion-section-separator-1 rounded-split-separator\" style=\"--awb-spacer-height:71px;--awb-svg-margin-left:0;--awb-svg-margin-right:0;\"><div class=\"fusion-section-separator-svg\"><div class=\"rounded-split top\" style=\"background-color:#f5f5f5;\"><\/div><\/div><div class=\"fusion-section-separator-spacer\"><div class=\"fusion-section-separator-spacer-height\"><\/div><\/div><\/div><div class=\"fusion-clearfix\"><\/div><\/div><\/div><div class=\"fusion-layout-column fusion_builder_column fusion-builder-column-10 fusion_builder_column_1_1 1_1 fusion-one-full fusion-column-first fusion-column-last\" style=\"--awb-padding-right:13%;--awb-padding-left:13%;--awb-bg-size:cover;\"><div class=\"fusion-column-wrapper fusion-flex-column-wrapper-legacy\"><div class=\"fusion-text fusion-text-8\"><h2 style=\"text-align: center;color: #fff;font-size: 70px;line-height: 1\">Kinderbetreuung in Tagesfamilien<\/h2>\n<\/div><div class=\"fusion-sep-clear\"><\/div><div class=\"fusion-separator fusion-full-width-sep\" style=\"margin-left: auto;margin-right: auto;margin-top:18px;width:100%;\"><\/div><div class=\"fusion-sep-clear\"><\/div><div class=\"fusion-text fusion-text-9\"><p style=\"text-align: center;color: #fff\">\u00dcber 100 Kinder sind aktuell durch unseren Verein vermittelt und gut betreut.<br \/>\n\u00dcber 30 Tageseltern offerieren Betreuungspl\u00e4tze - flexibel und individuell.<\/p>\n<p style=\"text-align: center;color: #fff;font-size: 18px\">Geh\u00f6ren auch Sie bald dazu?<\/p>\n<\/div><div class=\"fusion-sep-clear\"><\/div><div class=\"fusion-separator fusion-full-width-sep\" style=\"margin-left: auto;margin-right: auto;margin-top:15px;width:100%;\"><\/div><div class=\"fusion-sep-clear\"><\/div><div class=\"fusion-aligncenter\"><a class=\"fusion-button button-flat button-xlarge button-custom fusion-button-default button-4 fusion-button-default-span fusion-button-default-type button_global_footer\" style=\"--button_accent_color:#3d434c;--button_border_color:#3d434c;--button_accent_hover_color:#ffffff;--button_border_hover_color:#ffffff;--button_gradient_top_color:#ffffff;--button_gradient_bottom_color:#ffffff;--button_gradient_top_color_hover:#6dc7b5;--button_gradient_bottom_color_hover:#6dc7b5;\" target=\"_blank\" rel=\"noopener noreferrer\" href=\"https:\/\/tagesfamilien-aaa.ch\/index.php\/kontakt\/\"><span class=\"fusion-button-text awb-button__text awb-button__text--default\">Kontaktieren Sie uns!<\/span><\/a><\/div><div class=\"fusion-sep-clear\"><\/div><div class=\"fusion-separator fusion-full-width-sep\" style=\"margin-left: auto;margin-right: auto;margin-top:15px;width:100%;\"><\/div><div class=\"fusion-sep-clear\"><\/div><div class=\"fusion-aligncenter\"><a class=\"fusion-button button-flat button-xlarge button-custom fusion-button-default button-5 fusion-button-default-span fusion-button-default-type button_global_footer\" style=\"--button_accent_color:#3d434c;--button_border_color:#3d434c;--button_accent_hover_color:#ffffff;--button_border_hover_color:#ffffff;--button_gradient_top_color:#ffffff;--button_gradient_bottom_color:#ffffff;--button_gradient_top_color_hover:#6dc7b5;--button_gradient_bottom_color_hover:#6dc7b5;\" target=\"_blank\" rel=\"noopener noreferrer\" href=\"https:\/\/tagesfamilien-aaa.ch\/index.php\/kontakt\/#frage\"><span class=\"fusion-button-text awb-button__text awb-button__text--default\">Fragen &amp; Antworten<\/span><\/a><\/div><div class=\"fusion-clearfix\"><\/div><\/div><\/div><div class=\"fusion-layout-column fusion_builder_column fusion-builder-column-11 fusion_builder_column_1_2 1_2 fusion-one-half fusion-column-first\" style=\"--awb-bg-size:cover;width:50%;width:calc(50% - ( ( 4% ) * 0.5 ) );margin-right: 4%;\"><div class=\"fusion-column-wrapper fusion-flex-column-wrapper-legacy\"><div class=\"fusion-column-content-centered\"><div class=\"fusion-column-content\"><\/div><\/div><div class=\"fusion-clearfix\"><\/div><\/div><\/div><div class=\"fusion-layout-column fusion_builder_column fusion-builder-column-12 fusion_builder_column_1_2 1_2 fusion-one-half fusion-column-last\" style=\"--awb-bg-size:cover;width:50%;width:calc(50% - ( ( 4% ) * 0.5 ) );\"><div class=\"fusion-column-wrapper fusion-flex-column-wrapper-legacy\"><div class=\"fusion-column-content-centered\"><div class=\"fusion-column-content\"><\/div><\/div><div class=\"fusion-clearfix\"><\/div><\/div><\/div><\/div><\/div><\/p>\n","protected":false},"excerpt":{"rendered":"","protected":false},"author":2,"featured_media":0,"parent":0,"menu_order":50,"comment_status":"closed","ping_status":"closed","template":"100-width.php","meta":{"footnotes":""},"class_list":["post-10","page","type-page","status-publish","hentry"],"yoast_head":"<!-- This site is optimized with the Yoast SEO plugin v27.1.1 - https:\/\/yoast.com\/product\/yoast-seo-wordpress\/ -->\n<title>Angebot - Tagesfamilien Bezirk Affoltern<\/title>\n<meta name=\"robots\" content=\"index, follow, max-snippet:-1, max-image-preview:large, max-video-preview:-1\" \/>\n<link rel=\"canonical\" href=\"https:\/\/www.tagesfamilien-aaa.ch\/index.php\/angebot\/\" \/>\n<meta property=\"og:locale\" content=\"de_DE\" \/>\n<meta property=\"og:type\" content=\"article\" \/>\n<meta property=\"og:title\" content=\"Angebot - Tagesfamilien Bezirk Affoltern\" \/>\n<meta property=\"og:url\" content=\"https:\/\/www.tagesfamilien-aaa.ch\/index.php\/angebot\/\" \/>\n<meta property=\"og:site_name\" content=\"Tagesfamilien Bezirk Affoltern\" \/>\n<meta property=\"article:publisher\" content=\"https:\/\/www.facebook.com\/100000805876953\/posts\/2095824770454365?sfns=mo\" \/>\n<meta property=\"article:modified_time\" content=\"2023-04-20T13:20:11+00:00\" \/>\n<meta name=\"twitter:card\" content=\"summary_large_image\" \/>\n<meta name=\"twitter:label1\" content=\"Gesch\u00e4tzte Lesezeit\" \/>\n\t<meta name=\"twitter:data1\" content=\"12\u00a0Minuten\" \/>\n<script type=\"application\/ld+json\" class=\"yoast-schema-graph\">{\"@context\":\"https:\/\/schema.org\",\"@graph\":[{\"@type\":\"WebPage\",\"@id\":\"https:\/\/www.tagesfamilien-aaa.ch\/index.php\/angebot\/\",\"url\":\"https:\/\/www.tagesfamilien-aaa.ch\/index.php\/angebot\/\",\"name\":\"Angebot - Tagesfamilien Bezirk Affoltern\",\"isPartOf\":{\"@id\":\"https:\/\/www.tagesfamilien-aaa.ch\/#website\"},\"datePublished\":\"2016-11-07T04:06:06+00:00\",\"dateModified\":\"2023-04-20T13:20:11+00:00\",\"breadcrumb\":{\"@id\":\"https:\/\/www.tagesfamilien-aaa.ch\/index.php\/angebot\/#breadcrumb\"},\"inLanguage\":\"de\",\"potentialAction\":[{\"@type\":\"ReadAction\",\"target\":[\"https:\/\/www.tagesfamilien-aaa.ch\/index.php\/angebot\/\"]}]},{\"@type\":\"BreadcrumbList\",\"@id\":\"https:\/\/www.tagesfamilien-aaa.ch\/index.php\/angebot\/#breadcrumb\",\"itemListElement\":[{\"@type\":\"ListItem\",\"position\":1,\"name\":\"Startseite\",\"item\":\"https:\/\/www.tagesfamilien-aaa.ch\/\"},{\"@type\":\"ListItem\",\"position\":2,\"name\":\"Angebot\"}]},{\"@type\":\"WebSite\",\"@id\":\"https:\/\/www.tagesfamilien-aaa.ch\/#website\",\"url\":\"https:\/\/www.tagesfamilien-aaa.ch\/\",\"name\":\"Tagesfamilien Bezirk Affoltern\",\"description\":\"\",\"publisher\":{\"@id\":\"https:\/\/www.tagesfamilien-aaa.ch\/#organization\"},\"potentialAction\":[{\"@type\":\"SearchAction\",\"target\":{\"@type\":\"EntryPoint\",\"urlTemplate\":\"https:\/\/www.tagesfamilien-aaa.ch\/?s={search_term_string}\"},\"query-input\":{\"@type\":\"PropertyValueSpecification\",\"valueRequired\":true,\"valueName\":\"search_term_string\"}}],\"inLanguage\":\"de\"},{\"@type\":\"Organization\",\"@id\":\"https:\/\/www.tagesfamilien-aaa.ch\/#organization\",\"name\":\"Tagesfamilien Bezirk Affoltern\",\"url\":\"https:\/\/www.tagesfamilien-aaa.ch\/\",\"logo\":{\"@type\":\"ImageObject\",\"inLanguage\":\"de\",\"@id\":\"https:\/\/www.tagesfamilien-aaa.ch\/#\/schema\/logo\/image\/\",\"url\":\"https:\/\/www.tagesfamilien-aaa.ch\/wp-content\/uploads\/2019\/01\/TFBA_Logo.jpg\",\"contentUrl\":\"https:\/\/www.tagesfamilien-aaa.ch\/wp-content\/uploads\/2019\/01\/TFBA_Logo.jpg\",\"width\":630,\"height\":270,\"caption\":\"Tagesfamilien Bezirk Affoltern\"},\"image\":{\"@id\":\"https:\/\/www.tagesfamilien-aaa.ch\/#\/schema\/logo\/image\/\"},\"sameAs\":[\"https:\/\/www.facebook.com\/100000805876953\/posts\/2095824770454365?sfns=mo\"]}]}<\/script>\n<!-- \/ Yoast SEO plugin. -->","yoast_head_json":{"title":"Angebot - Tagesfamilien Bezirk Affoltern","robots":{"index":"index","follow":"follow","max-snippet":"max-snippet:-1","max-image-preview":"max-image-preview:large","max-video-preview":"max-video-preview:-1"},"canonical":"https:\/\/www.tagesfamilien-aaa.ch\/index.php\/angebot\/","og_locale":"de_DE","og_type":"article","og_title":"Angebot - Tagesfamilien Bezirk Affoltern","og_url":"https:\/\/www.tagesfamilien-aaa.ch\/index.php\/angebot\/","og_site_name":"Tagesfamilien Bezirk Affoltern","article_publisher":"https:\/\/www.facebook.com\/100000805876953\/posts\/2095824770454365?sfns=mo","article_modified_time":"2023-04-20T13:20:11+00:00","twitter_card":"summary_large_image","twitter_misc":{"Gesch\u00e4tzte Lesezeit":"12\u00a0Minuten"},"schema":{"@context":"https:\/\/schema.org","@graph":[{"@type":"WebPage","@id":"https:\/\/www.tagesfamilien-aaa.ch\/index.php\/angebot\/","url":"https:\/\/www.tagesfamilien-aaa.ch\/index.php\/angebot\/","name":"Angebot - Tagesfamilien Bezirk Affoltern","isPartOf":{"@id":"https:\/\/www.tagesfamilien-aaa.ch\/#website"},"datePublished":"2016-11-07T04:06:06+00:00","dateModified":"2023-04-20T13:20:11+00:00","breadcrumb":{"@id":"https:\/\/www.tagesfamilien-aaa.ch\/index.php\/angebot\/#breadcrumb"},"inLanguage":"de","potentialAction":[{"@type":"ReadAction","target":["https:\/\/www.tagesfamilien-aaa.ch\/index.php\/angebot\/"]}]},{"@type":"BreadcrumbList","@id":"https:\/\/www.tagesfamilien-aaa.ch\/index.php\/angebot\/#breadcrumb","itemListElement":[{"@type":"ListItem","position":1,"name":"Startseite","item":"https:\/\/www.tagesfamilien-aaa.ch\/"},{"@type":"ListItem","position":2,"name":"Angebot"}]},{"@type":"WebSite","@id":"https:\/\/www.tagesfamilien-aaa.ch\/#website","url":"https:\/\/www.tagesfamilien-aaa.ch\/","name":"Tagesfamilien Bezirk Affoltern","description":"","publisher":{"@id":"https:\/\/www.tagesfamilien-aaa.ch\/#organization"},"potentialAction":[{"@type":"SearchAction","target":{"@type":"EntryPoint","urlTemplate":"https:\/\/www.tagesfamilien-aaa.ch\/?s={search_term_string}"},"query-input":{"@type":"PropertyValueSpecification","valueRequired":true,"valueName":"search_term_string"}}],"inLanguage":"de"},{"@type":"Organization","@id":"https:\/\/www.tagesfamilien-aaa.ch\/#organization","name":"Tagesfamilien Bezirk Affoltern","url":"https:\/\/www.tagesfamilien-aaa.ch\/","logo":{"@type":"ImageObject","inLanguage":"de","@id":"https:\/\/www.tagesfamilien-aaa.ch\/#\/schema\/logo\/image\/","url":"https:\/\/www.tagesfamilien-aaa.ch\/wp-content\/uploads\/2019\/01\/TFBA_Logo.jpg","contentUrl":"https:\/\/www.tagesfamilien-aaa.ch\/wp-content\/uploads\/2019\/01\/TFBA_Logo.jpg","width":630,"height":270,"caption":"Tagesfamilien Bezirk Affoltern"},"image":{"@id":"https:\/\/www.tagesfamilien-aaa.ch\/#\/schema\/logo\/image\/"},"sameAs":["https:\/\/www.facebook.com\/100000805876953\/posts\/2095824770454365?sfns=mo"]}]}},"_links":{"self":[{"href":"https:\/\/www.tagesfamilien-aaa.ch\/index.php\/wp-json\/wp\/v2\/pages\/10","targetHints":{"allow":["GET"]}}],"collection":[{"href":"https:\/\/www.tagesfamilien-aaa.ch\/index.php\/wp-json\/wp\/v2\/pages"}],"about":[{"href":"https:\/\/www.tagesfamilien-aaa.ch\/index.php\/wp-json\/wp\/v2\/types\/page"}],"author":[{"embeddable":true,"href":"https:\/\/www.tagesfamilien-aaa.ch\/index.php\/wp-json\/wp\/v2\/users\/2"}],"replies":[{"embeddable":true,"href":"https:\/\/www.tagesfamilien-aaa.ch\/index.php\/wp-json\/wp\/v2\/comments?post=10"}],"version-history":[{"count":87,"href":"https:\/\/www.tagesfamilien-aaa.ch\/index.php\/wp-json\/wp\/v2\/pages\/10\/revisions"}],"predecessor-version":[{"id":3536,"href":"https:\/\/www.tagesfamilien-aaa.ch\/index.php\/wp-json\/wp\/v2\/pages\/10\/revisions\/3536"}],"wp:attachment":[{"href":"https:\/\/www.tagesfamilien-aaa.ch\/index.php\/wp-json\/wp\/v2\/media?parent=10"}],"curies":[{"name":"wp","href":"https:\/\/api.w.org\/{rel}","templated":true}]}}