{"id":1478,"date":"2018-04-10T15:35:37","date_gmt":"2018-04-10T15:35:37","guid":{"rendered":"https:\/\/wp.tagesfamilien-aaa.ch\/?page_id=1478"},"modified":"2026-01-07T08:20:09","modified_gmt":"2026-01-07T07:20:09","slug":"impressum","status":"publish","type":"page","link":"https:\/\/www.tagesfamilien-aaa.ch\/index.php\/impressum\/","title":{"rendered":"Impressum"},"content":{"rendered":"<p><div class=\"fusion-fullwidth fullwidth-box fusion-builder-row-1 hundred-percent-fullwidth non-hundred-percent-height-scrolling\" style=\"--awb-border-radius-top-left:0px;--awb-border-radius-top-right:0px;--awb-border-radius-bottom-right:0px;--awb-border-radius-bottom-left:0px;--awb-padding-top:-0px;--awb-padding-right:-0px;--awb-padding-bottom:-0px;--awb-padding-left:-0px;--awb-margin-top:-0px;--awb-margin-bottom:-0px;--awb-flex-wrap:wrap;\" ><div class=\"fusion-builder-row fusion-row\"><div class=\"fusion-layout-column fusion_builder_column fusion-builder-column-0 fusion_builder_column_1_1 1_1 fusion-one-full fusion-column-first fusion-column-last\" style=\"--awb-bg-size:cover;--awb-margin-top:-0px;--awb-margin-bottom:-0px;\"><div class=\"fusion-column-wrapper fusion-flex-column-wrapper-legacy\">\t\t\t\t<div class=\"fusion-content-boxes content-boxes columns row fusion-columns-3 fusion-columns-total-3 fusion-content-boxes-1 content-boxes-clean-horizontal content-left content-boxes-icon-on-side\" style=\"--awb-backgroundcolor:#f5f5f5;--awb-body-color:#a1a4aa;--awb-title-color:#4c5166;--awb-iconcolor:#4c5166;--awb-margin-top:-0px;--awb-margin-bottom:-0px;--awb-hover-accent-color:#6dc7b5;--awb-circle-hover-accent-color:#6dc7b5;\" data-animationOffset=\"top-into-view\"><div style=\"--awb-backgroundcolor:#f5f5f5;--awb-iconcolor:#4c5166;--awb-content-padding-left:62px;border-color:rgba(255,255,255,0);\" class=\"fusion-column content-box-column content-box-column content-box-column-1 col-lg-4 col-md-4 col-sm-4 fusion-content-box-hover content-box-column-first-in-row\"><div class=\"col content-box-wrapper content-wrapper-background link-area-link-icon icon-hover-animation-fade\" data-animationOffset=\"top-into-view\"><div class=\"heading heading-with-icon icon-left\"><div class=\"icon\"><i style=\"border-color:#6dc7b5;border-width:0px;background-color:#f5f5f5;box-sizing:content-box;height:42px;width:42px;line-height:42px;border-radius:50%;font-size:21px;\" aria-hidden=\"true\" class=\"fontawesome-icon fa-home fas circle-yes\"><\/i><\/div><h2 class=\"content-box-heading fusion-responsive-typography-calculated\" style=\"--h2_typography-font-size:18px;--fontSize:18;line-height:3.22;padding-left:62px;\">Kontaktadresse<\/h2><\/div><div class=\"fusion-clearfix\"><\/div><div class=\"content-container\">Tagesfamilien Bezirk Affoltern<br \/>\n8910 Affoltern am Albis<\/p>\n<p><a href=\"https:\/\/tagesfamilien-aaa.ch\/index.php\/kontakt\/\" target=\"_blank\" rel=\"noopener noreferrer\">Kontakt<\/a><\/div><\/div><\/div><div style=\"--awb-backgroundcolor:#f5f5f5;--awb-iconcolor:#4c5166;--awb-content-padding-left:62px;border-color:rgba(255,255,255,0);\" class=\"fusion-column content-box-column content-box-column content-box-column-2 col-lg-4 col-md-4 col-sm-4 fusion-content-box-hover \"><div class=\"col content-box-wrapper content-wrapper-background link-area-link-icon icon-hover-animation-fade\" data-animationOffset=\"top-into-view\"><div class=\"heading heading-with-icon icon-left\"><div class=\"icon\"><i style=\"border-color:#f5f5f5;border-width:0px;background-color:#f5f5f5;box-sizing:content-box;height:42px;width:42px;line-height:42px;border-radius:50%;font-size:21px;\" aria-hidden=\"true\" class=\"fontawesome-icon fa-user fas circle-yes\"><\/i><\/div><h2 class=\"content-box-heading fusion-responsive-typography-calculated\" style=\"--h2_typography-font-size:18px;--fontSize:18;line-height:3.22;padding-left:62px;\">Vertretungsberechtigte Personen<\/h2><\/div><div class=\"fusion-clearfix\"><\/div><div class=\"content-container\">\n<p>Fredi Krause, Pr\u00e4sidium<br \/>\nNadja Benz, Aktuariat<br \/>\nStefanie Kr\u00fcger, Vermittlung<br \/>\nAndrea Bolliger, Vermittlung<br \/>\nKarin Petrig, Inkasso<\/p>\n<\/div><\/div><\/div><div style=\"--awb-backgroundcolor:#f5f5f5;--awb-iconcolor:#4c5166;--awb-content-padding-left:62px;border-color:rgba(255,255,255,0);\" class=\"fusion-column content-box-column content-box-column content-box-column-3 col-lg-4 col-md-4 col-sm-4 fusion-content-box-hover content-box-column-last content-box-column-last-in-row\"><div class=\"col content-box-wrapper content-wrapper-background link-area-link-icon icon-hover-animation-fade\" data-animationOffset=\"top-into-view\"><div class=\"heading heading-with-icon icon-left\"><div class=\"icon\"><i style=\"border-color:#3d434c;border-width:0px;background-color:#f5f5f5;box-sizing:content-box;height:42px;width:42px;line-height:42px;border-radius:50%;font-size:21px;\" aria-hidden=\"true\" class=\"fontawesome-icon fa fa-paw circle-yes\"><\/i><\/div><h2 class=\"content-box-heading fusion-responsive-typography-calculated\" style=\"--h2_typography-font-size:18px;--fontSize:18;line-height:3.22;padding-left:62px;\">Urheberrechte<\/h2><\/div><div class=\"fusion-clearfix\"><\/div><div class=\"content-container\">\n<p>Die Urheber- und alle anderen Rechte an Inhalten, Bildern, Fotos oder anderen Dateien auf der Website geh\u00f6ren ausschliesslich dem Verein Tagesfamilien Bezirk Affoltern oder den speziell genannten Rechtsinhabern. F\u00fcr die Reproduktion jeglicher Elemente ist die schriftliche Zustimmung der Urheberrechtstr\u00e4ger im Voraus einzuholen.<\/p>\n<\/div><\/div><\/div><div class=\"fusion-clearfix\"><\/div><\/div><div class=\"fusion-content-boxes content-boxes columns row fusion-columns-3 fusion-columns-total-2 fusion-content-boxes-2 content-boxes-clean-horizontal content-left content-boxes-icon-on-side\" style=\"--awb-backgroundcolor:#f5f5f5;--awb-body-color:#a1a4aa;--awb-title-color:#4c5166;--awb-iconcolor:#4c5166;--awb-margin-top:-0px;--awb-margin-bottom:-0px;--awb-hover-accent-color:#6dc7b5;--awb-circle-hover-accent-color:#6dc7b5;\" data-animationOffset=\"top-into-view\"><div style=\"--awb-backgroundcolor:#f5f5f5;--awb-iconcolor:#4c5166;--awb-content-padding-left:62px;border-color:rgba(255,255,255,0);\" class=\"fusion-column content-box-column content-box-column content-box-column-1 col-lg-4 col-md-4 col-sm-4 fusion-content-box-hover content-box-column-first-in-row\"><div class=\"col content-box-wrapper content-wrapper-background link-area-link-icon icon-hover-animation-fade\" data-animationOffset=\"top-into-view\"><div class=\"heading heading-with-icon icon-left\"><div class=\"icon\"><i style=\"border-color:#6dc7b5;border-width:0px;background-color:#f5f5f5;box-sizing:content-box;height:42px;width:42px;line-height:42px;border-radius:50%;font-size:21px;\" aria-hidden=\"true\" class=\"fontawesome-icon fa fa-exclamation-triangle circle-yes\"><\/i><\/div><h2 class=\"content-box-heading fusion-responsive-typography-calculated\" style=\"--h2_typography-font-size:18px;--fontSize:18;line-height:3.22;padding-left:62px;\">Haftungsausschluss<\/h2><\/div><div class=\"fusion-clearfix\"><\/div><div class=\"content-container\">\n<p>Der Autor \u00fcbernimmt keinerlei Gew\u00e4hr hinsichtlich der inhaltlichen Richtigkeit, Genauigkeit, Aktualit\u00e4t, Zuverl\u00e4ssigkeit und Vollst\u00e4ndigkeit der Informationen.<\/p>\n<p>Haftungsanspr\u00fcche gegen den Autor wegen Sch\u00e4den materieller oder immaterieller Art, welche aus dem Zugriff oder der Nutzung bzw. Nichtnutzung der ver\u00f6ffentlichten Informationen, durch Missbrauch der Verbindung oder durch technische St\u00f6rungen entstanden sind, werden ausgeschlossen.<\/p>\n<p>Alle Angebote sind unverbindlich. Der Autor beh\u00e4lt es sich ausdr\u00fccklich vor, Teile der Seiten oder das gesamte Angebot ohne gesonderte Ank\u00fcndigung zu ver\u00e4ndern, zu erg\u00e4nzen, zu l\u00f6schen oder die Ver\u00f6ffentlichung zeitweise oder endg\u00fcltig einzustellen.<\/p>\n<\/div><\/div><\/div><div style=\"--awb-backgroundcolor:#f5f5f5;--awb-iconcolor:#4c5166;--awb-content-padding-left:62px;border-color:rgba(255,255,255,0);\" class=\"fusion-column content-box-column content-box-column content-box-column-2 col-lg-4 col-md-4 col-sm-4 fusion-content-box-hover content-box-column-last\"><div class=\"col content-box-wrapper content-wrapper-background link-area-link-icon icon-hover-animation-fade\" data-animationOffset=\"top-into-view\"><div class=\"heading heading-with-icon icon-left\"><div class=\"icon\"><i style=\"border-color:#6dc7b5;border-width:0px;background-color:#f5f5f5;box-sizing:content-box;height:42px;width:42px;line-height:42px;border-radius:50%;font-size:21px;\" aria-hidden=\"true\" class=\"fontawesome-icon fa fa-link circle-yes\"><\/i><\/div><h2 class=\"content-box-heading fusion-responsive-typography-calculated\" style=\"--h2_typography-font-size:18px;--fontSize:18;line-height:3.22;padding-left:62px;\">Haftung f\u00fcr Links<\/h2><\/div><div class=\"fusion-clearfix\"><\/div><div class=\"content-container\">\n<p>Verweise und Links auf Webseiten Dritter liegen ausserhalb unseres Verantwortungsbereichs Es wird jegliche Verantwortung f\u00fcr solche Webseiten abgelehnt. Der Zugriff und die Nutzung solcher Webseiten erfolgen auf eigene Gefahr des Nutzers oder der Nutzerin.<\/p>\n<\/div><\/div><\/div><div class=\"fusion-clearfix\"><\/div><\/div><div class=\"fusion-content-boxes content-boxes columns row fusion-columns-1 fusion-columns-total-1 fusion-content-boxes-3 content-boxes-clean-horizontal content-left content-boxes-icon-on-side\" style=\"--awb-backgroundcolor:#f5f5f5;--awb-body-color:#a1a4aa;--awb-title-color:#4c5166;--awb-iconcolor:#4c5166;--awb-margin-top:-0px;--awb-margin-bottom:-0px;--awb-hover-accent-color:#6dc7b5;--awb-circle-hover-accent-color:#6dc7b5;--awb-item-margin-bottom:40px;\" data-animationOffset=\"top-into-view\"><div style=\"--awb-backgroundcolor:#f5f5f5;--awb-iconcolor:#4c5166;--awb-content-padding-left:62px;border-color:rgba(255,255,255,0);\" class=\"fusion-column content-box-column content-box-column content-box-column-1 col-lg-12 col-md-12 col-sm-12 fusion-content-box-hover content-box-column-last content-box-column-last-in-row\"><div class=\"col content-box-wrapper content-wrapper-background link-area-link-icon icon-hover-animation-fade\" data-animationOffset=\"top-into-view\"><div class=\"heading heading-with-icon icon-left\"><div class=\"icon\"><i style=\"border-color:#f5f5f5;border-width:0px;background-color:#f5f5f5;box-sizing:content-box;height:42px;width:42px;line-height:42px;border-radius:50%;font-size:21px;\" aria-hidden=\"true\" class=\"fontawesome-icon fa fa-search circle-yes\"><\/i><\/div><h2 class=\"content-box-heading fusion-responsive-typography-calculated\" style=\"--h2_typography-font-size:18px;--fontSize:18;line-height:3.22;padding-left:62px;\">Quelle<\/h2><\/div><div class=\"fusion-clearfix\"><\/div><div class=\"content-container\">Dieses Impressum wurde am 09.04.2018 mit dem <a href=\"http:\/\/www.bag.ch\/impressum-generator\">Impressum-Generator<\/a> der Firma Brunner Medien AG in Kriens erstellt. Die Brunner Medien AG in Kriens \u00fcbernimmt keine Haftung.<\/p>\n<p>Einige lizenzfreie Bilder werden von den folgenden Portalen verwendet:<\/p>\n<p><a href=\"https:\/\/www.pexels.com\/de\/\">www.pexels.com<\/a><br \/>\n<a href=\"https:\/\/unsplash.com\/\">www.unsplash.com<\/a><\/div><\/div><\/div><div class=\"fusion-clearfix\"><\/div><\/div><div class=\"fusion-clearfix\"><\/div><\/div><\/div><\/div><\/div><div class=\"fusion-fullwidth fullwidth-box fusion-builder-row-2 fusion-parallax-none nonhundred-percent-fullwidth non-hundred-percent-height-scrolling\" style=\"--awb-border-radius-top-left:0px;--awb-border-radius-top-right:0px;--awb-border-radius-bottom-right:0px;--awb-border-radius-bottom-left:0px;--awb-padding-bottom:130px;--awb-background-image:url(&quot;https:\/\/www.tagesfamilien-aaa.ch\/wp-content\/uploads\/2018\/04\/ausbildung-bildung-buntstifte-207653_sw.jpg&quot;);--awb-background-size:cover;--awb-flex-wrap:wrap;\" ><div class=\"fusion-builder-row fusion-row\"><div class=\"fusion-layout-column fusion_builder_column fusion-builder-column-1 fusion_builder_column_1_1 1_1 fusion-one-full fusion-column-first fusion-column-last\" style=\"--awb-bg-size:cover;--awb-margin-bottom:140px;\"><div class=\"fusion-column-wrapper fusion-flex-column-wrapper-legacy\"><div class=\"fusion-section-separator section-separator rounded-split fusion-section-separator-1 rounded-split-separator\" style=\"--awb-spacer-height:71px;--awb-svg-margin-left:0;--awb-svg-margin-right:0;\"><div class=\"fusion-section-separator-svg\"><div class=\"rounded-split top\" style=\"background-color:#f5f5f5;\"><\/div><\/div><div class=\"fusion-section-separator-spacer\"><div class=\"fusion-section-separator-spacer-height\"><\/div><\/div><\/div><div class=\"fusion-clearfix\"><\/div><\/div><\/div><div class=\"fusion-layout-column fusion_builder_column fusion-builder-column-2 fusion_builder_column_1_1 1_1 fusion-one-full fusion-column-first fusion-column-last\" style=\"--awb-padding-right:13%;--awb-padding-left:13%;--awb-bg-size:cover;\"><div class=\"fusion-column-wrapper fusion-flex-column-wrapper-legacy\"><div class=\"fusion-text fusion-text-1\"><h2 style=\"text-align: center;color: #fff;font-size: 70px;line-height: 1\">Kinderbetreuung in Tagesfamilien<\/h2>\n<\/div><div class=\"fusion-sep-clear\"><\/div><div class=\"fusion-separator fusion-full-width-sep\" style=\"margin-left: auto;margin-right: auto;margin-top:18px;width:100%;\"><\/div><div class=\"fusion-sep-clear\"><\/div><div class=\"fusion-text fusion-text-2\"><p style=\"text-align: center;color: #fff\">\u00dcber 100 Kinder sind aktuell durch unseren Verein vermittelt und gut betreut.<br \/>\n\u00dcber 30 Tageseltern offerieren Betreuungspl\u00e4tze - flexibel und individuell.<\/p>\n<p style=\"text-align: center;color: #fff;font-size: 18px\">Geh\u00f6ren auch Sie bald dazu?<\/p>\n<\/div><div class=\"fusion-sep-clear\"><\/div><div class=\"fusion-separator fusion-full-width-sep\" style=\"margin-left: auto;margin-right: auto;margin-top:15px;width:100%;\"><\/div><div class=\"fusion-sep-clear\"><\/div><div class=\"fusion-aligncenter\"><a class=\"fusion-button button-flat button-xlarge button-custom fusion-button-default button-1 fusion-button-default-span fusion-button-default-type button_global_footer\" style=\"--button_accent_color:#3d434c;--button_border_color:#3d434c;--button_accent_hover_color:#ffffff;--button_border_hover_color:#ffffff;--button_gradient_top_color:#ffffff;--button_gradient_bottom_color:#ffffff;--button_gradient_top_color_hover:#6dc7b5;--button_gradient_bottom_color_hover:#6dc7b5;\" target=\"_self\" href=\"https:\/\/tagesfamilien-aaa.ch\/kontakt\/\"><span class=\"fusion-button-text awb-button__text awb-button__text--default\">Kontaktieren Sie uns!<\/span><\/a><\/div><div class=\"fusion-sep-clear\"><\/div><div class=\"fusion-separator fusion-full-width-sep\" style=\"margin-left: auto;margin-right: auto;margin-top:15px;width:100%;\"><\/div><div class=\"fusion-sep-clear\"><\/div><div class=\"fusion-aligncenter\"><a class=\"fusion-button button-flat button-xlarge button-custom fusion-button-default button-2 fusion-button-default-span fusion-button-default-type button_global_footer\" style=\"--button_accent_color:#3d434c;--button_border_color:#3d434c;--button_accent_hover_color:#ffffff;--button_border_hover_color:#ffffff;--button_gradient_top_color:#ffffff;--button_gradient_bottom_color:#ffffff;--button_gradient_top_color_hover:#6dc7b5;--button_gradient_bottom_color_hover:#6dc7b5;\" target=\"_self\" href=\"https:\/\/tagesfamilien-aaa.ch\/kontakt\/\"><span class=\"fusion-button-text awb-button__text awb-button__text--default\">Fragen &amp; Antworten<\/span><\/a><\/div><div class=\"fusion-clearfix\"><\/div><\/div><\/div><div class=\"fusion-layout-column fusion_builder_column fusion-builder-column-3 fusion_builder_column_1_2 1_2 fusion-one-half fusion-column-first\" style=\"--awb-bg-size:cover;width:50%;width:calc(50% - ( ( 4% ) * 0.5 ) );margin-right: 4%;\"><div class=\"fusion-column-wrapper fusion-flex-column-wrapper-legacy\"><div class=\"fusion-column-content-centered\"><div class=\"fusion-column-content\"><\/div><\/div><div class=\"fusion-clearfix\"><\/div><\/div><\/div><div class=\"fusion-layout-column fusion_builder_column fusion-builder-column-4 fusion_builder_column_1_2 1_2 fusion-one-half fusion-column-last\" style=\"--awb-bg-size:cover;width:50%;width:calc(50% - ( ( 4% ) * 0.5 ) );\"><div class=\"fusion-column-wrapper fusion-flex-column-wrapper-legacy\"><div class=\"fusion-column-content-centered\"><div class=\"fusion-column-content\"><\/div><\/div><div class=\"fusion-clearfix\"><\/div><\/div><\/div><\/div><\/div><\/p>\n","protected":false},"excerpt":{"rendered":"","protected":false},"author":2,"featured_media":0,"parent":0,"menu_order":90,"comment_status":"closed","ping_status":"closed","template":"100-width.php","meta":{"footnotes":""},"class_list":["post-1478","page","type-page","status-publish","hentry"],"yoast_head":"<!-- This site is optimized with the Yoast SEO plugin v27.1.1 - https:\/\/yoast.com\/product\/yoast-seo-wordpress\/ -->\n<title>Impressum - Tagesfamilien Bezirk Affoltern<\/title>\n<meta name=\"robots\" content=\"index, follow, max-snippet:-1, max-image-preview:large, max-video-preview:-1\" \/>\n<link rel=\"canonical\" href=\"https:\/\/www.tagesfamilien-aaa.ch\/index.php\/impressum\/\" \/>\n<meta property=\"og:locale\" content=\"de_DE\" \/>\n<meta property=\"og:type\" content=\"article\" \/>\n<meta property=\"og:title\" content=\"Impressum - Tagesfamilien Bezirk Affoltern\" \/>\n<meta property=\"og:url\" content=\"https:\/\/www.tagesfamilien-aaa.ch\/index.php\/impressum\/\" \/>\n<meta property=\"og:site_name\" content=\"Tagesfamilien Bezirk Affoltern\" \/>\n<meta property=\"article:publisher\" content=\"https:\/\/www.facebook.com\/100000805876953\/posts\/2095824770454365?sfns=mo\" \/>\n<meta property=\"article:modified_time\" content=\"2026-01-07T07:20:09+00:00\" \/>\n<meta name=\"twitter:card\" content=\"summary_large_image\" \/>\n<meta name=\"twitter:label1\" content=\"Gesch\u00e4tzte Lesezeit\" \/>\n\t<meta name=\"twitter:data1\" content=\"2\u00a0Minuten\" \/>\n<script type=\"application\/ld+json\" class=\"yoast-schema-graph\">{\"@context\":\"https:\/\/schema.org\",\"@graph\":[{\"@type\":\"WebPage\",\"@id\":\"https:\/\/www.tagesfamilien-aaa.ch\/index.php\/impressum\/\",\"url\":\"https:\/\/www.tagesfamilien-aaa.ch\/index.php\/impressum\/\",\"name\":\"Impressum - Tagesfamilien Bezirk Affoltern\",\"isPartOf\":{\"@id\":\"https:\/\/www.tagesfamilien-aaa.ch\/#website\"},\"datePublished\":\"2018-04-10T15:35:37+00:00\",\"dateModified\":\"2026-01-07T07:20:09+00:00\",\"breadcrumb\":{\"@id\":\"https:\/\/www.tagesfamilien-aaa.ch\/index.php\/impressum\/#breadcrumb\"},\"inLanguage\":\"de\",\"potentialAction\":[{\"@type\":\"ReadAction\",\"target\":[\"https:\/\/www.tagesfamilien-aaa.ch\/index.php\/impressum\/\"]}]},{\"@type\":\"BreadcrumbList\",\"@id\":\"https:\/\/www.tagesfamilien-aaa.ch\/index.php\/impressum\/#breadcrumb\",\"itemListElement\":[{\"@type\":\"ListItem\",\"position\":1,\"name\":\"Startseite\",\"item\":\"https:\/\/www.tagesfamilien-aaa.ch\/\"},{\"@type\":\"ListItem\",\"position\":2,\"name\":\"Impressum\"}]},{\"@type\":\"WebSite\",\"@id\":\"https:\/\/www.tagesfamilien-aaa.ch\/#website\",\"url\":\"https:\/\/www.tagesfamilien-aaa.ch\/\",\"name\":\"Tagesfamilien Bezirk Affoltern\",\"description\":\"\",\"publisher\":{\"@id\":\"https:\/\/www.tagesfamilien-aaa.ch\/#organization\"},\"potentialAction\":[{\"@type\":\"SearchAction\",\"target\":{\"@type\":\"EntryPoint\",\"urlTemplate\":\"https:\/\/www.tagesfamilien-aaa.ch\/?s={search_term_string}\"},\"query-input\":{\"@type\":\"PropertyValueSpecification\",\"valueRequired\":true,\"valueName\":\"search_term_string\"}}],\"inLanguage\":\"de\"},{\"@type\":\"Organization\",\"@id\":\"https:\/\/www.tagesfamilien-aaa.ch\/#organization\",\"name\":\"Tagesfamilien Bezirk Affoltern\",\"url\":\"https:\/\/www.tagesfamilien-aaa.ch\/\",\"logo\":{\"@type\":\"ImageObject\",\"inLanguage\":\"de\",\"@id\":\"https:\/\/www.tagesfamilien-aaa.ch\/#\/schema\/logo\/image\/\",\"url\":\"https:\/\/www.tagesfamilien-aaa.ch\/wp-content\/uploads\/2019\/01\/TFBA_Logo.jpg\",\"contentUrl\":\"https:\/\/www.tagesfamilien-aaa.ch\/wp-content\/uploads\/2019\/01\/TFBA_Logo.jpg\",\"width\":630,\"height\":270,\"caption\":\"Tagesfamilien Bezirk Affoltern\"},\"image\":{\"@id\":\"https:\/\/www.tagesfamilien-aaa.ch\/#\/schema\/logo\/image\/\"},\"sameAs\":[\"https:\/\/www.facebook.com\/100000805876953\/posts\/2095824770454365?sfns=mo\"]}]}<\/script>\n<!-- \/ Yoast SEO plugin. -->","yoast_head_json":{"title":"Impressum - Tagesfamilien Bezirk Affoltern","robots":{"index":"index","follow":"follow","max-snippet":"max-snippet:-1","max-image-preview":"max-image-preview:large","max-video-preview":"max-video-preview:-1"},"canonical":"https:\/\/www.tagesfamilien-aaa.ch\/index.php\/impressum\/","og_locale":"de_DE","og_type":"article","og_title":"Impressum - Tagesfamilien Bezirk Affoltern","og_url":"https:\/\/www.tagesfamilien-aaa.ch\/index.php\/impressum\/","og_site_name":"Tagesfamilien Bezirk Affoltern","article_publisher":"https:\/\/www.facebook.com\/100000805876953\/posts\/2095824770454365?sfns=mo","article_modified_time":"2026-01-07T07:20:09+00:00","twitter_card":"summary_large_image","twitter_misc":{"Gesch\u00e4tzte Lesezeit":"2\u00a0Minuten"},"schema":{"@context":"https:\/\/schema.org","@graph":[{"@type":"WebPage","@id":"https:\/\/www.tagesfamilien-aaa.ch\/index.php\/impressum\/","url":"https:\/\/www.tagesfamilien-aaa.ch\/index.php\/impressum\/","name":"Impressum - Tagesfamilien Bezirk Affoltern","isPartOf":{"@id":"https:\/\/www.tagesfamilien-aaa.ch\/#website"},"datePublished":"2018-04-10T15:35:37+00:00","dateModified":"2026-01-07T07:20:09+00:00","breadcrumb":{"@id":"https:\/\/www.tagesfamilien-aaa.ch\/index.php\/impressum\/#breadcrumb"},"inLanguage":"de","potentialAction":[{"@type":"ReadAction","target":["https:\/\/www.tagesfamilien-aaa.ch\/index.php\/impressum\/"]}]},{"@type":"BreadcrumbList","@id":"https:\/\/www.tagesfamilien-aaa.ch\/index.php\/impressum\/#breadcrumb","itemListElement":[{"@type":"ListItem","position":1,"name":"Startseite","item":"https:\/\/www.tagesfamilien-aaa.ch\/"},{"@type":"ListItem","position":2,"name":"Impressum"}]},{"@type":"WebSite","@id":"https:\/\/www.tagesfamilien-aaa.ch\/#website","url":"https:\/\/www.tagesfamilien-aaa.ch\/","name":"Tagesfamilien Bezirk Affoltern","description":"","publisher":{"@id":"https:\/\/www.tagesfamilien-aaa.ch\/#organization"},"potentialAction":[{"@type":"SearchAction","target":{"@type":"EntryPoint","urlTemplate":"https:\/\/www.tagesfamilien-aaa.ch\/?s={search_term_string}"},"query-input":{"@type":"PropertyValueSpecification","valueRequired":true,"valueName":"search_term_string"}}],"inLanguage":"de"},{"@type":"Organization","@id":"https:\/\/www.tagesfamilien-aaa.ch\/#organization","name":"Tagesfamilien Bezirk Affoltern","url":"https:\/\/www.tagesfamilien-aaa.ch\/","logo":{"@type":"ImageObject","inLanguage":"de","@id":"https:\/\/www.tagesfamilien-aaa.ch\/#\/schema\/logo\/image\/","url":"https:\/\/www.tagesfamilien-aaa.ch\/wp-content\/uploads\/2019\/01\/TFBA_Logo.jpg","contentUrl":"https:\/\/www.tagesfamilien-aaa.ch\/wp-content\/uploads\/2019\/01\/TFBA_Logo.jpg","width":630,"height":270,"caption":"Tagesfamilien Bezirk Affoltern"},"image":{"@id":"https:\/\/www.tagesfamilien-aaa.ch\/#\/schema\/logo\/image\/"},"sameAs":["https:\/\/www.facebook.com\/100000805876953\/posts\/2095824770454365?sfns=mo"]}]}},"_links":{"self":[{"href":"https:\/\/www.tagesfamilien-aaa.ch\/index.php\/wp-json\/wp\/v2\/pages\/1478","targetHints":{"allow":["GET"]}}],"collection":[{"href":"https:\/\/www.tagesfamilien-aaa.ch\/index.php\/wp-json\/wp\/v2\/pages"}],"about":[{"href":"https:\/\/www.tagesfamilien-aaa.ch\/index.php\/wp-json\/wp\/v2\/types\/page"}],"author":[{"embeddable":true,"href":"https:\/\/www.tagesfamilien-aaa.ch\/index.php\/wp-json\/wp\/v2\/users\/2"}],"replies":[{"embeddable":true,"href":"https:\/\/www.tagesfamilien-aaa.ch\/index.php\/wp-json\/wp\/v2\/comments?post=1478"}],"version-history":[{"count":45,"href":"https:\/\/www.tagesfamilien-aaa.ch\/index.php\/wp-json\/wp\/v2\/pages\/1478\/revisions"}],"predecessor-version":[{"id":5211,"href":"https:\/\/www.tagesfamilien-aaa.ch\/index.php\/wp-json\/wp\/v2\/pages\/1478\/revisions\/5211"}],"wp:attachment":[{"href":"https:\/\/www.tagesfamilien-aaa.ch\/index.php\/wp-json\/wp\/v2\/media?parent=1478"}],"curies":[{"name":"wp","href":"https:\/\/api.w.org\/{rel}","templated":true}]}}