{"id":1768,"date":"2018-04-23T14:29:37","date_gmt":"2018-04-23T14:29:37","guid":{"rendered":"https:\/\/wp.tagesfamilien-aaa.ch\/?page_id=1768"},"modified":"2024-12-16T20:30:01","modified_gmt":"2024-12-16T19:30:01","slug":"tagesfamilie","status":"publish","type":"page","link":"https:\/\/www.tagesfamilien-aaa.ch\/index.php\/tagesfamilie\/","title":{"rendered":"Tagesfamilie werden"},"content":{"rendered":"<p><div class=\"fusion-fullwidth fullwidth-box fusion-builder-row-1 hundred-percent-fullwidth non-hundred-percent-height-scrolling\" style=\"--awb-border-radius-top-left:0px;--awb-border-radius-top-right:0px;--awb-border-radius-bottom-right:0px;--awb-border-radius-bottom-left:0px;--awb-padding-top:-0px;--awb-padding-right:0px;--awb-padding-left:0px;--awb-margin-top:-0px;--awb-flex-wrap:wrap;\" ><div class=\"fusion-builder-row fusion-row\"><div class=\"fusion-layout-column fusion_builder_column fusion-builder-column-0 fusion_builder_column_1_1 1_1 fusion-one-full fusion-column-first fusion-column-last\" style=\"--awb-padding-top:-0px;--awb-bg-size:cover;\"><div class=\"fusion-column-wrapper fusion-flex-column-wrapper-legacy\">\t\t\t\t\t<div class=\"fusion-slider-container fusion-slider-sc-tfba_angebot_tf fusion-slider-42 full-width-slider\" style=\"height:300px; max-width:100%;\" data-id=\"42\" data-full_height=\"\">\n\t\t\t\t\t\t<style type=\"text\/css\">.fusion-slider-42 .flex-direction-nav a {width:63px;height:63px;line-height:63px;font-size:25px;}<\/style>\t\t\t\t\t\t<div class=\"fusion-slider-loading\">Laden...<\/div>\n\t\t\t\t\t\t<div class=\"tfs-slider flexslider main-flex full-width-slider\" data-slider_width=\"100%\" data-slider_height=\"300px\" data-full_screen=\"0\" data-parallax=\"0\" data-nav_arrows=\"1\" data-nav_box_width=\"63px\" data-nav_box_height=\"63px\" data-nav_arrow_size=\"25px\" data-autoplay=\"1\" data-loop=\"1\" data-orderby=\"date\" data-order=\"ASC\" data-animation=\"slide\" data-slideshow_speed=\"4000\" data-animation_speed=\"1000\" data-typo_sensitivity=\"1\" data-typo_factor=\"1.5\" style=\"max-width:100%;\">\n\t\t\t\t\t\t\t<ul class=\"slides\">\n\t\t\t\t\t\t\t\t\t\t\t\t\t\t\t\t\t<li data-mute=\"yes\" data-loop=\"yes\" data-autoplay=\"yes\">\n\t\t\t\t\t\t\t\t\t\t<div class=\"slide-content-container slide-content-center\" style=\"display: none;\">\n\t\t\t\t\t\t\t\t\t\t\t<div class=\"slide-content\" style=\"\">\n\t\t\t\t\t\t\t\t\t\t\t\t\t\t\t\t\t\t\t\t\t\t\t\t\t<div class=\"heading \">\n\t\t\t\t\t\t\t\t\t\t\t\t\t\t<div class=\"fusion-title-sc-wrapper\" style=\"\">\n\t\t\t\t\t\t\t\t\t\t\t\t\t\t\t<div class=\"fusion-title title fusion-title-1 fusion-sep-none fusion-title-center fusion-title-text fusion-title-size-three\" style=\"--awb-text-color:#ffffff;--awb-sep-color:#ffffff;--awb-font-size:60px;\"><h3 class=\"fusion-title-heading title-heading-center fusion-responsive-typography-calculated\" style=\"margin:0;font-size:1em;--fontSize:60;line-height:1.33;\">Ihr Arbeitsplatz zuhause<\/h3><\/div>\t\t\t\t\t\t\t\t\t\t\t\t\t\t<\/div>\n\t\t\t\t\t\t\t\t\t\t\t\t\t<\/div>\n\t\t\t\t\t\t\t\t\t\t\t\t\t\t\t\t\t\t\t\t\t\t\t\t\t\t\t\t\t\t\t\t\t\t\t\t\t\t\t\t\t\t\t\t\t\t\t<\/div>\n\t\t\t\t\t\t\t\t\t\t<\/div>\n\t\t\t\t\t\t\t\t\t\t\t\t\t\t\t\t\t\t\t\t\t\t\t\t\t\t\t\t\t\t\t\t\t\t\t\t\t\t\t\t<div class=\"background background-image\" style=\"background-image: url(https:\/\/www.tagesfamilien-aaa.ch\/wp-content\/uploads\/2018\/04\/pexels-kha-ruxury-860538-scaled.jpg);max-width:100%;height:300px;filter: progid:DXImageTransform.Microsoft.AlphaImageLoader(src='https:\/\/www.tagesfamilien-aaa.ch\/wp-content\/uploads\/2018\/04\/pexels-kha-ruxury-860538-scaled.jpg', sizingMethod='scale');\" data-imgwidth=\"2560\">\n\t\t\t\t\t\t\t\t\t\t\t\t\t\t\t\t\t\t\t\t\t\t\t\t\t\t\t\t\t\t\t\t\t\t\t\t\t\t\t\t\t\t\t\t\t\t\t\t\t\t\t\t\t\t\t\t\t\t\t\t\t\t\t\t\t\t<\/div>\n\t\t\t\t\t\t\t\t\t<\/li>\n\t\t\t\t\t\t\t\t\t\t\t\t\t\t\t\t\t\t\t\t\t\t\t<\/ul>\n\t\t\t\t\t\t<\/div>\n\t\t\t\t\t<\/div>\n\t\t\t\t\t\t\t\t<div class=\"fusion-clearfix\"><\/div><\/div><\/div><\/div><\/div><div class=\"fusion-fullwidth fullwidth-box fusion-builder-row-2 nonhundred-percent-fullwidth non-hundred-percent-height-scrolling\" style=\"--awb-border-radius-top-left:0px;--awb-border-radius-top-right:0px;--awb-border-radius-bottom-right:0px;--awb-border-radius-bottom-left:0px;--awb-flex-wrap:wrap;\" ><div class=\"fusion-builder-row fusion-row\"><div class=\"fusion-layout-column fusion_builder_column fusion-builder-column-1 fusion_builder_column_1_1 1_1 fusion-one-full fusion-column-first fusion-column-last\" style=\"--awb-bg-size:cover;--awb-margin-bottom:0px;\"><div class=\"fusion-column-wrapper fusion-flex-column-wrapper-legacy\"><div class=\"fusion-text fusion-text-1\"><h2>Liebe Tagesfamilie<\/h2>\n<\/div><div class=\"fusion-text fusion-text-2\"><p>Die Betreuungspersonen in Tagesfamilien erbringen eine wichtige gesellschaftliche Leistung, indem sie eines oder mehrere Kinder betreuen und in ihre Familie aufnehmen.<\/p>\n<p>Die Tageseltern sind bereit, die eigene Familie zu \u00f6ffnen und die Kinder in den Familienalltag zu integrieren. Stundenweise, halbtageweise oder ganztags \u00fcbernehmen sie an Stelle der Eltern die Betreuung eines oder mehrerer Tageskinder. Die Aufgaben und Schwerpunkte der Betreuung \u00e4ndern sich je nach Alter des Kindes.<\/p>\n<p>Die Betreuung eines Kindes in zwei Familien bedingt eine enge Zusammenarbeit zwischen den beiden Familien und m\u00f6glichst \u00fcbereinstimmende Erziehungsansichten. Es ist deshalb wichtig, dass am Anfang die gegenseitigen Bed\u00fcrfnisse und Vorstellungen gut gekl\u00e4rt werden und sie offen miteinander \u00fcber anstehende Fragen sowie Schwierigkeiten sprechen.<\/p>\n<\/div><div class=\"fusion-clearfix\"><\/div><\/div><\/div><\/div><\/div><div class=\"fusion-fullwidth fullwidth-box fusion-builder-row-3 nonhundred-percent-fullwidth non-hundred-percent-height-scrolling\" style=\"--awb-border-radius-top-left:0px;--awb-border-radius-top-right:0px;--awb-border-radius-bottom-right:0px;--awb-border-radius-bottom-left:0px;--awb-flex-wrap:wrap;\" ><div class=\"fusion-builder-row fusion-row\"><div class=\"fusion-layout-column fusion_builder_column fusion-builder-column-2 fusion_builder_column_1_2 1_2 fusion-one-half fusion-column-first\" style=\"--awb-bg-size:cover;width:50%;width:calc(50% - ( ( 4% ) * 0.5 ) );margin-right: 4%;\"><div class=\"fusion-column-wrapper fusion-flex-column-wrapper-legacy\"><div class=\"fusion-text fusion-text-3\"><h2>Anforderungen<\/h2>\n<\/div><ul style=\"--awb-size:16px;--awb-line-height:27.2px;--awb-icon-width:27.2px;--awb-icon-height:27.2px;--awb-icon-margin:11.2px;--awb-content-margin:38.4px;\" class=\"fusion-checklist fusion-checklist-1 fusion-checklist-default type-icons tm_checklist\"><li class=\"fusion-li-item\" style=\"\"><span class=\"icon-wrapper circle-no\"><i class=\"fusion-li-icon fa-check fas\" aria-hidden=\"true\"><\/i><\/span><div class=\"fusion-li-item-content\">\n<p>Grunds\u00e4tzliches Interesse und Freude an Kindern, sowie an der Erziehungsarbeit<\/p>\n<\/div><\/li><li class=\"fusion-li-item\" style=\"\"><span class=\"icon-wrapper circle-no\"><i class=\"fusion-li-icon fa-check fas\" aria-hidden=\"true\"><\/i><\/span><div class=\"fusion-li-item-content\">\n<p>Erfahrung mit Kindern<\/p>\n<\/div><\/li><li class=\"fusion-li-item\" style=\"\"><span class=\"icon-wrapper circle-no\"><i class=\"fusion-li-icon fa-check fas\" aria-hidden=\"true\"><\/i><\/span><div class=\"fusion-li-item-content\">\n<p>Zeit und Platz f\u00fcr das\/die Tageskind\/er<\/p>\n<\/div><\/li><li class=\"fusion-li-item\" style=\"\"><span class=\"icon-wrapper circle-no\"><i class=\"fusion-li-icon fa-check fas\" aria-hidden=\"true\"><\/i><\/span><div class=\"fusion-li-item-content\">\n<p>Einf\u00fchlungsverm\u00f6gen und Offenheit<\/p>\n<\/div><\/li><li class=\"fusion-li-item\" style=\"\"><span class=\"icon-wrapper circle-no\"><i class=\"fusion-li-icon fa-check fas\" aria-hidden=\"true\"><\/i><\/span><div class=\"fusion-li-item-content\">\n<p>Toleranz und Gespr\u00e4chsbereitschaft mit Kindern und Erwachsenen<\/p>\n<\/div><\/li><li class=\"fusion-li-item\" style=\"\"><span class=\"icon-wrapper circle-no\"><i class=\"fusion-li-icon fa-check fas\" aria-hidden=\"true\"><\/i><\/span><div class=\"fusion-li-item-content\">\n<p>Zuverl\u00e4ssigkeit und Verantwortungsbewusstsein<\/p>\n<\/div><\/li><li class=\"fusion-li-item\" style=\"\"><span class=\"icon-wrapper circle-no\"><i class=\"fusion-li-icon fa-check fas\" aria-hidden=\"true\"><\/i><\/span><div class=\"fusion-li-item-content\">\n<p>Seelische und k\u00f6rperliche Gesundheit<\/p>\n<\/div><\/li><li class=\"fusion-li-item\" style=\"\"><span class=\"icon-wrapper circle-no\"><i class=\"fusion-li-icon fa-check fas\" aria-hidden=\"true\"><\/i><\/span><div class=\"fusion-li-item-content\">\n<p>Flexibilit\u00e4t und Freude am Organisieren<\/p>\n<\/div><\/li><li class=\"fusion-li-item\" style=\"\"><span class=\"icon-wrapper circle-no\"><i class=\"fusion-li-icon fa-check fas\" aria-hidden=\"true\"><\/i><\/span><div class=\"fusion-li-item-content\">\n<p>F\u00e4higkeit, sich abzugrenzen und in Krisensituationen Hilfe in Anspruch zu nehmen<\/p>\n<\/div><\/li><li class=\"fusion-li-item\" style=\"\"><span class=\"icon-wrapper circle-no\"><i class=\"fusion-li-icon fa-check fas\" aria-hidden=\"true\"><\/i><\/span><div class=\"fusion-li-item-content\">\n<p>Erfolgreicher Besuch der Grundbildung Tagesmutter oder \u00e4quivalente Ausbildung<\/p>\n<\/div><\/li><li class=\"fusion-li-item\" style=\"\"><span class=\"icon-wrapper circle-no\"><i class=\"fusion-li-icon fa-check fas\" aria-hidden=\"true\"><\/i><\/span><div class=\"fusion-li-item-content\">\n<p>Absolvierung des Kurses &#8222;Notf\u00e4lle bei Kleinkindern&#8220; (mind. 6 Stunden)<\/p>\n<\/div><\/li><li class=\"fusion-li-item\" style=\"\"><span class=\"icon-wrapper circle-no\"><i class=\"fusion-li-icon fa-check fas\" aria-hidden=\"true\"><\/i><\/span><div class=\"fusion-li-item-content\">\n<p>Bereitschaft regelm\u00e4ssig an Aus- und Weiterbildungen teilzunehmen<\/p>\n<\/div><\/li><\/ul><div class=\"fusion-clearfix\"><\/div><\/div><\/div><div class=\"fusion-layout-column fusion_builder_column fusion-builder-column-3 fusion_builder_column_1_2 1_2 fusion-one-half fusion-column-last\" style=\"--awb-bg-size:cover;width:50%;width:calc(50% - ( ( 4% ) * 0.5 ) );\"><div class=\"fusion-column-wrapper fusion-column-has-shadow fusion-flex-column-wrapper-legacy\"><div class=\"fusion-image-element in-legacy-container\" style=\"--awb-caption-title-font-family:var(--h2_typography-font-family);--awb-caption-title-font-weight:var(--h2_typography-font-weight);--awb-caption-title-font-style:var(--h2_typography-font-style);--awb-caption-title-size:var(--h2_typography-font-size);--awb-caption-title-transform:var(--h2_typography-text-transform);--awb-caption-title-line-height:var(--h2_typography-line-height);--awb-caption-title-letter-spacing:var(--h2_typography-letter-spacing);\"><span class=\" fusion-imageframe imageframe-none imageframe-1 hover-type-none\"><img decoding=\"async\" width=\"500\" height=\"750\" title=\"pexels-ivan-samkov-4784014 (1)\" src=\"https:\/\/www.tagesfamilien-aaa.ch\/wp-content\/uploads\/2023\/05\/pexels-ivan-samkov-4784014-1-scaled-e1686158856563.jpg\" alt class=\"img-responsive wp-image-4387\" srcset=\"https:\/\/www.tagesfamilien-aaa.ch\/wp-content\/uploads\/2023\/05\/pexels-ivan-samkov-4784014-1-scaled-e1686158856563-200x300.jpg 200w, https:\/\/www.tagesfamilien-aaa.ch\/wp-content\/uploads\/2023\/05\/pexels-ivan-samkov-4784014-1-scaled-e1686158856563-400x600.jpg 400w, https:\/\/www.tagesfamilien-aaa.ch\/wp-content\/uploads\/2023\/05\/pexels-ivan-samkov-4784014-1-scaled-e1686158856563.jpg 500w\" sizes=\"(max-width: 960px) 100vw, 600px\" \/><\/span><\/div><div class=\"fusion-clearfix\"><\/div><\/div><\/div><\/div><\/div><div class=\"fusion-fullwidth fullwidth-box fusion-builder-row-4 fusion-flex-container has-pattern-background has-mask-background nonhundred-percent-fullwidth non-hundred-percent-height-scrolling\" style=\"--awb-border-radius-top-left:0px;--awb-border-radius-top-right:0px;--awb-border-radius-bottom-right:0px;--awb-border-radius-bottom-left:0px;--awb-flex-wrap:wrap;\" ><div class=\"fusion-builder-row fusion-row fusion-flex-align-items-flex-start fusion-flex-content-wrap\" style=\"max-width:1289.6px;margin-left: calc(-4% \/ 2 );margin-right: calc(-4% \/ 2 );\"><div class=\"fusion-layout-column fusion_builder_column fusion-builder-column-4 fusion_builder_column_1_1 1_1 fusion-flex-column\" style=\"--awb-bg-size:cover;--awb-width-large:100%;--awb-margin-top-large:0px;--awb-spacing-right-large:1.92%;--awb-margin-bottom-large:40px;--awb-spacing-left-large:1.92%;--awb-width-medium:100%;--awb-order-medium:0;--awb-spacing-right-medium:1.92%;--awb-spacing-left-medium:1.92%;--awb-width-small:100%;--awb-order-small:0;--awb-spacing-right-small:1.92%;--awb-spacing-left-small:1.92%;\"><div class=\"fusion-column-wrapper fusion-column-has-shadow fusion-flex-justify-content-flex-start fusion-content-layout-column\"><div class=\"fusion-text fusion-text-4\"><h2 class=\"fusion-responsive-typography-calculated\" data-fontsize=\"50\" data-lineheight=\"58px\">Aus- und Weiterbildung<\/h2>\n<\/div><div class=\"fusion-text fusion-text-5\"><p>Nach M\u00f6glichkeit eigene Kinder oder Erfahrung mit Kindern. Obligatorische Grundbildung von mind. 30 Stunden sowie j\u00e4hrliche Weiterbildung von 3h.<\/p>\n<\/div><\/div><\/div><div class=\"fusion-layout-column fusion_builder_column fusion-builder-column-5 fusion_builder_column_1_1 1_1 fusion-flex-column\" style=\"--awb-bg-size:cover;--awb-width-large:100%;--awb-margin-top-large:0px;--awb-spacing-right-large:1.92%;--awb-margin-bottom-large:40px;--awb-spacing-left-large:1.92%;--awb-width-medium:100%;--awb-order-medium:0;--awb-spacing-right-medium:1.92%;--awb-spacing-left-medium:1.92%;--awb-width-small:100%;--awb-order-small:0;--awb-spacing-right-small:1.92%;--awb-spacing-left-small:1.92%;\"><div class=\"fusion-column-wrapper fusion-column-has-shadow fusion-flex-justify-content-flex-start fusion-content-layout-column\"><div class=\"fusion-text fusion-text-6\"><h2 class=\"fusion-responsive-typography-calculated\" data-fontsize=\"50\" data-lineheight=\"58px\">Arbeitszeit<\/h2>\n<\/div><div class=\"fusion-text fusion-text-7\"><p>Richtet sich nach der gegenseitigen Absprache, welche im Betreuungsvertrag zwischen der Betreuungsperson, den abgebenden Eltern und dem Verein Tagesfamilien Bezirk Affoltern festgehalten ist.<\/p>\n<\/div><\/div><\/div><div class=\"fusion-layout-column fusion_builder_column fusion-builder-column-6 fusion_builder_column_1_1 1_1 fusion-flex-column\" style=\"--awb-bg-size:cover;--awb-width-large:100%;--awb-margin-top-large:0px;--awb-spacing-right-large:1.92%;--awb-margin-bottom-large:40px;--awb-spacing-left-large:1.92%;--awb-width-medium:100%;--awb-order-medium:0;--awb-spacing-right-medium:1.92%;--awb-spacing-left-medium:1.92%;--awb-width-small:100%;--awb-order-small:0;--awb-spacing-right-small:1.92%;--awb-spacing-left-small:1.92%;\"><div class=\"fusion-column-wrapper fusion-column-has-shadow fusion-flex-justify-content-flex-start fusion-content-layout-column\"><div class=\"fusion-text fusion-text-8\"><h2 class=\"fusion-responsive-typography-calculated\" data-fontsize=\"50\" data-lineheight=\"58px\">Begleitung<\/h2>\n<\/div><div class=\"fusion-text fusion-text-9\"><p>Individuelle Gespr\u00e4che mit der Vermittlerin.<\/p>\n<\/div><\/div><\/div><div class=\"fusion-layout-column fusion_builder_column fusion-builder-column-7 fusion_builder_column_1_1 1_1 fusion-flex-column\" style=\"--awb-bg-size:cover;--awb-width-large:100%;--awb-margin-top-large:0px;--awb-spacing-right-large:1.92%;--awb-margin-bottom-large:40px;--awb-spacing-left-large:1.92%;--awb-width-medium:100%;--awb-order-medium:0;--awb-spacing-right-medium:1.92%;--awb-spacing-left-medium:1.92%;--awb-width-small:100%;--awb-order-small:0;--awb-spacing-right-small:1.92%;--awb-spacing-left-small:1.92%;\"><div class=\"fusion-column-wrapper fusion-column-has-shadow fusion-flex-justify-content-flex-start fusion-content-layout-column\"><div class=\"fusion-text fusion-text-10\"><h2 class=\"fusion-responsive-typography-calculated\" data-fontsize=\"50\" data-lineheight=\"58px\">Kontakt<\/h2>\n<\/div><div class=\"fusion-text fusion-text-11\"><p>Bei Interesse wenden Sie sich bitte an unsere Vermittlerinnen via <a href=\"https:\/\/www.tagesfamilien-aaa.ch\/index.php\/kontakt\/\">Kontaktformular<\/a> oder f\u00fcllen Sie gleich das Bewerbungsformular (siehe unten) aus.<\/p>\n<p>Wir freuen uns auf\u00a0 Ihre Bewerbung!<\/p>\n<\/div><\/div><\/div><\/div><\/div><div class=\"fusion-fullwidth fullwidth-box fusion-builder-row-5 fusion-flex-container has-pattern-background has-mask-background nonhundred-percent-fullwidth non-hundred-percent-height-scrolling\" style=\"--awb-border-radius-top-left:0px;--awb-border-radius-top-right:0px;--awb-border-radius-bottom-right:0px;--awb-border-radius-bottom-left:0px;--awb-flex-wrap:wrap;\" ><div class=\"fusion-builder-row fusion-row fusion-flex-align-items-flex-start fusion-flex-content-wrap\" style=\"max-width:1289.6px;margin-left: calc(-4% \/ 2 );margin-right: calc(-4% \/ 2 );\"><div class=\"fusion-layout-column fusion_builder_column fusion-builder-column-8 fusion_builder_column_1_1 1_1 fusion-flex-column\" style=\"--awb-bg-size:cover;--awb-width-large:100%;--awb-margin-top-large:0px;--awb-spacing-right-large:1.92%;--awb-margin-bottom-large:40px;--awb-spacing-left-large:1.92%;--awb-width-medium:100%;--awb-spacing-right-medium:1.92%;--awb-spacing-left-medium:1.92%;--awb-width-small:100%;--awb-spacing-right-small:1.92%;--awb-spacing-left-small:1.92%;\"><div class=\"fusion-column-wrapper fusion-flex-justify-content-flex-start fusion-content-layout-column\"><div class=\"fusion-text fusion-text-12\"><h2>Dokumente \/ Formular<\/h2>\n<\/div><ul style=\"--awb-line-height:23.8px;--awb-icon-width:23.8px;--awb-icon-height:23.8px;--awb-icon-margin:9.8px;--awb-content-margin:33.6px;\" class=\"fusion-checklist fusion-checklist-2 fusion-checklist-default type-icons tm_checklist\"><li class=\"fusion-li-item\" style=\"\"><span class=\"icon-wrapper circle-no\"><i class=\"fusion-li-icon fa-file-alt fas\" aria-hidden=\"true\"><\/i><\/span><div class=\"fusion-li-item-content\">\n<p><strong><a href=\"https:\/\/www.tagesfamilien-aaa.ch\/wp-content\/uploads\/2019\/01\/Berufsbeschreibung_BPinTagesfamilien2018.pdf\">Berufsbeschreibung<\/a><\/strong><\/p>\n<\/div><\/li><li class=\"fusion-li-item\" style=\"\"><span class=\"icon-wrapper circle-no\"><i class=\"fusion-li-icon fa-file-alt fas\" aria-hidden=\"true\"><\/i><\/span><div class=\"fusion-li-item-content\">\n<p><strong><a href=\"https:\/\/www.tagesfamilien-aaa.ch\/wp-content\/uploads\/2020\/06\/Infoblatt_Betreuungsperson_V_2020.pdf\">Informationsblatt: Betreuung<\/a><\/strong><\/p>\n<\/div><\/li><li class=\"fusion-li-item\" style=\"\"><span class=\"icon-wrapper circle-no\"><i class=\"fusion-li-icon fa-file-alt fas\" aria-hidden=\"true\"><\/i><\/span><div class=\"fusion-li-item-content\">\n<p><a href=\"https:\/\/www.tagesfamilien-aaa.ch\/wp-content\/uploads\/2023\/12\/2024Tarifblatt_TE_V-2.pdf\"><strong>Tarifblatt: Betreuung<\/strong><\/a><\/p>\n<\/div><\/li><li class=\"fusion-li-item\" style=\"\"><span class=\"icon-wrapper circle-no\"><i class=\"fusion-li-icon fa-link fas\" aria-hidden=\"true\"><\/i><\/span><div class=\"fusion-li-item-content\">\n<p><strong><a href=\"https:\/\/www.tagesfamilien-aaa.ch\/index.php\/bewerbung-betreuungsperson\/\">Bewerbungsformular<\/a><\/strong><\/p>\n<\/div><\/li><li class=\"fusion-li-item\" style=\"\"><span class=\"icon-wrapper circle-no\"><i class=\"fusion-li-icon fa-file-alt fas\" aria-hidden=\"true\"><\/i><\/span><div class=\"fusion-li-item-content\">\n<p><strong><a href=\"https:\/\/www.tagesfamilien-aaa.ch\/wp-content\/uploads\/2019\/01\/Eingewoehnung_Merkblatt2018.pdf\">Merkblatt: Eingew\u00f6hnung<\/a><\/strong><\/p>\n<\/div><\/li><li class=\"fusion-li-item\" style=\"\"><span class=\"icon-wrapper circle-no\"><i class=\"fusion-li-icon fa-link fas\" aria-hidden=\"true\"><\/i><\/span><div class=\"fusion-li-item-content\">\n<p><strong><a href=\"https:\/\/www.taginet.com\/affoltern-tf\/loginto.php?mode=0&amp;lang=\">Taginet<\/a><\/strong><\/p>\n<\/div><\/li><\/ul><\/div><\/div><\/div><\/div><div class=\"fusion-fullwidth fullwidth-box fusion-builder-row-6 fusion-parallax-none nonhundred-percent-fullwidth non-hundred-percent-height-scrolling\" style=\"--awb-border-radius-top-left:0px;--awb-border-radius-top-right:0px;--awb-border-radius-bottom-right:0px;--awb-border-radius-bottom-left:0px;--awb-padding-bottom:130px;--awb-background-image:url(&quot;https:\/\/www.tagesfamilien-aaa.ch\/wp-content\/uploads\/2018\/04\/ausbildung-bildung-buntstifte-207653_sw.jpg&quot;);--awb-background-size:cover;--awb-flex-wrap:wrap;\" ><div class=\"fusion-builder-row fusion-row\"><div class=\"fusion-layout-column fusion_builder_column fusion-builder-column-9 fusion_builder_column_1_1 1_1 fusion-one-full fusion-column-first fusion-column-last\" style=\"--awb-bg-size:cover;--awb-margin-bottom:140px;\"><div class=\"fusion-column-wrapper fusion-flex-column-wrapper-legacy\"><div class=\"fusion-section-separator section-separator rounded-split fusion-section-separator-1 rounded-split-separator\" style=\"--awb-spacer-height:71px;--awb-svg-margin-left:0;--awb-svg-margin-right:0;\"><div class=\"fusion-section-separator-svg\"><div class=\"rounded-split top\" style=\"background-color:#f5f5f5;\"><\/div><\/div><div class=\"fusion-section-separator-spacer\"><div class=\"fusion-section-separator-spacer-height\"><\/div><\/div><\/div><div class=\"fusion-clearfix\"><\/div><\/div><\/div><div class=\"fusion-layout-column fusion_builder_column fusion-builder-column-10 fusion_builder_column_1_1 1_1 fusion-one-full fusion-column-first fusion-column-last\" style=\"--awb-padding-right:13%;--awb-padding-left:13%;--awb-bg-size:cover;\"><div class=\"fusion-column-wrapper fusion-flex-column-wrapper-legacy\"><div class=\"fusion-text fusion-text-13\"><h2 style=\"text-align: center;color: #fff;font-size: 70px;line-height: 1\">Kinderbetreuung in Tagesfamilien<\/h2>\n<\/div><div class=\"fusion-sep-clear\"><\/div><div class=\"fusion-separator fusion-full-width-sep\" style=\"margin-left: auto;margin-right: auto;margin-top:18px;width:100%;\"><\/div><div class=\"fusion-sep-clear\"><\/div><div class=\"fusion-text fusion-text-14\"><p style=\"text-align: center;color: #fff\">\u00dcber 100 Kinder sind aktuell durch unseren Verein vermittelt und gut betreut.<br \/>\n\u00dcber 30 Tageseltern offerieren Betreuungspl\u00e4tze - flexibel und individuell.<\/p>\n<p style=\"text-align: center;color: #fff;font-size: 18px\">Geh\u00f6ren auch Sie bald dazu?<\/p>\n<\/div><div class=\"fusion-sep-clear\"><\/div><div class=\"fusion-separator fusion-full-width-sep\" style=\"margin-left: auto;margin-right: auto;margin-top:15px;width:100%;\"><\/div><div class=\"fusion-sep-clear\"><\/div><div class=\"fusion-aligncenter\"><a class=\"fusion-button button-flat button-xlarge button-custom fusion-button-default button-1 fusion-button-default-span fusion-button-default-type button_global_footer\" style=\"--button_accent_color:#3d434c;--button_border_color:#3d434c;--button_accent_hover_color:#ffffff;--button_border_hover_color:#ffffff;--button_gradient_top_color:#ffffff;--button_gradient_bottom_color:#ffffff;--button_gradient_top_color_hover:#6dc7b5;--button_gradient_bottom_color_hover:#6dc7b5;\" target=\"_self\" href=\"https:\/\/tagesfamilien-aaa.ch\/index.php\/kontakt\/\"><span class=\"fusion-button-text awb-button__text awb-button__text--default\">Kontaktieren Sie uns!<\/span><\/a><\/div><div class=\"fusion-sep-clear\"><\/div><div class=\"fusion-separator fusion-full-width-sep\" style=\"margin-left: auto;margin-right: auto;margin-top:15px;width:100%;\"><\/div><div class=\"fusion-sep-clear\"><\/div><div class=\"fusion-aligncenter\"><a class=\"fusion-button button-flat button-xlarge button-custom fusion-button-default button-2 fusion-button-default-span fusion-button-default-type button_global_footer\" style=\"--button_accent_color:#3d434c;--button_border_color:#3d434c;--button_accent_hover_color:#ffffff;--button_border_hover_color:#ffffff;--button_gradient_top_color:#ffffff;--button_gradient_bottom_color:#ffffff;--button_gradient_top_color_hover:#6dc7b5;--button_gradient_bottom_color_hover:#6dc7b5;\" target=\"_self\" href=\"https:\/\/tagesfamilien-aaa.ch\/index.php\/kontakt\/#frage\"><span class=\"fusion-button-text awb-button__text awb-button__text--default\">Fragen &amp; Antworten<\/span><\/a><\/div><div class=\"fusion-clearfix\"><\/div><\/div><\/div><div class=\"fusion-layout-column fusion_builder_column fusion-builder-column-11 fusion_builder_column_1_2 1_2 fusion-one-half fusion-column-first\" style=\"--awb-bg-size:cover;width:50%;width:calc(50% - ( ( 4% ) * 0.5 ) );margin-right: 4%;\"><div class=\"fusion-column-wrapper fusion-flex-column-wrapper-legacy\"><div class=\"fusion-column-content-centered\"><div class=\"fusion-column-content\"><\/div><\/div><div class=\"fusion-clearfix\"><\/div><\/div><\/div><div class=\"fusion-layout-column fusion_builder_column fusion-builder-column-12 fusion_builder_column_1_2 1_2 fusion-one-half fusion-column-last\" style=\"--awb-bg-size:cover;width:50%;width:calc(50% - ( ( 4% ) * 0.5 ) );\"><div class=\"fusion-column-wrapper fusion-flex-column-wrapper-legacy\"><div class=\"fusion-column-content-centered\"><div class=\"fusion-column-content\"><\/div><\/div><div class=\"fusion-clearfix\"><\/div><\/div><\/div><\/div><\/div><\/p>\n","protected":false},"excerpt":{"rendered":"","protected":false},"author":2,"featured_media":0,"parent":0,"menu_order":50,"comment_status":"closed","ping_status":"closed","template":"100-width.php","meta":{"footnotes":""},"class_list":["post-1768","page","type-page","status-publish","hentry"],"yoast_head":"<!-- This site is optimized with the Yoast SEO plugin v27.1.1 - https:\/\/yoast.com\/product\/yoast-seo-wordpress\/ -->\n<title>Tagesfamilie werden - Tagesfamilien Bezirk Affoltern<\/title>\n<meta name=\"robots\" content=\"index, follow, max-snippet:-1, max-image-preview:large, max-video-preview:-1\" \/>\n<link rel=\"canonical\" href=\"https:\/\/www.tagesfamilien-aaa.ch\/index.php\/tagesfamilie\/\" \/>\n<meta property=\"og:locale\" content=\"de_DE\" \/>\n<meta property=\"og:type\" content=\"article\" \/>\n<meta property=\"og:title\" content=\"Tagesfamilie werden - Tagesfamilien Bezirk Affoltern\" \/>\n<meta property=\"og:url\" content=\"https:\/\/www.tagesfamilien-aaa.ch\/index.php\/tagesfamilie\/\" \/>\n<meta property=\"og:site_name\" content=\"Tagesfamilien Bezirk Affoltern\" \/>\n<meta property=\"article:publisher\" content=\"https:\/\/www.facebook.com\/100000805876953\/posts\/2095824770454365?sfns=mo\" \/>\n<meta property=\"article:modified_time\" content=\"2024-12-16T19:30:01+00:00\" \/>\n<meta name=\"twitter:card\" content=\"summary_large_image\" \/>\n<meta name=\"twitter:label1\" content=\"Gesch\u00e4tzte Lesezeit\" \/>\n\t<meta name=\"twitter:data1\" content=\"2\u00a0Minuten\" \/>\n<script type=\"application\/ld+json\" class=\"yoast-schema-graph\">{\"@context\":\"https:\/\/schema.org\",\"@graph\":[{\"@type\":\"WebPage\",\"@id\":\"https:\/\/www.tagesfamilien-aaa.ch\/index.php\/tagesfamilie\/\",\"url\":\"https:\/\/www.tagesfamilien-aaa.ch\/index.php\/tagesfamilie\/\",\"name\":\"Tagesfamilie werden - Tagesfamilien Bezirk Affoltern\",\"isPartOf\":{\"@id\":\"https:\/\/www.tagesfamilien-aaa.ch\/#website\"},\"datePublished\":\"2018-04-23T14:29:37+00:00\",\"dateModified\":\"2024-12-16T19:30:01+00:00\",\"breadcrumb\":{\"@id\":\"https:\/\/www.tagesfamilien-aaa.ch\/index.php\/tagesfamilie\/#breadcrumb\"},\"inLanguage\":\"de\",\"potentialAction\":[{\"@type\":\"ReadAction\",\"target\":[\"https:\/\/www.tagesfamilien-aaa.ch\/index.php\/tagesfamilie\/\"]}]},{\"@type\":\"BreadcrumbList\",\"@id\":\"https:\/\/www.tagesfamilien-aaa.ch\/index.php\/tagesfamilie\/#breadcrumb\",\"itemListElement\":[{\"@type\":\"ListItem\",\"position\":1,\"name\":\"Startseite\",\"item\":\"https:\/\/www.tagesfamilien-aaa.ch\/\"},{\"@type\":\"ListItem\",\"position\":2,\"name\":\"Tagesfamilie werden\"}]},{\"@type\":\"WebSite\",\"@id\":\"https:\/\/www.tagesfamilien-aaa.ch\/#website\",\"url\":\"https:\/\/www.tagesfamilien-aaa.ch\/\",\"name\":\"Tagesfamilien Bezirk Affoltern\",\"description\":\"\",\"publisher\":{\"@id\":\"https:\/\/www.tagesfamilien-aaa.ch\/#organization\"},\"potentialAction\":[{\"@type\":\"SearchAction\",\"target\":{\"@type\":\"EntryPoint\",\"urlTemplate\":\"https:\/\/www.tagesfamilien-aaa.ch\/?s={search_term_string}\"},\"query-input\":{\"@type\":\"PropertyValueSpecification\",\"valueRequired\":true,\"valueName\":\"search_term_string\"}}],\"inLanguage\":\"de\"},{\"@type\":\"Organization\",\"@id\":\"https:\/\/www.tagesfamilien-aaa.ch\/#organization\",\"name\":\"Tagesfamilien Bezirk Affoltern\",\"url\":\"https:\/\/www.tagesfamilien-aaa.ch\/\",\"logo\":{\"@type\":\"ImageObject\",\"inLanguage\":\"de\",\"@id\":\"https:\/\/www.tagesfamilien-aaa.ch\/#\/schema\/logo\/image\/\",\"url\":\"https:\/\/www.tagesfamilien-aaa.ch\/wp-content\/uploads\/2019\/01\/TFBA_Logo.jpg\",\"contentUrl\":\"https:\/\/www.tagesfamilien-aaa.ch\/wp-content\/uploads\/2019\/01\/TFBA_Logo.jpg\",\"width\":630,\"height\":270,\"caption\":\"Tagesfamilien Bezirk Affoltern\"},\"image\":{\"@id\":\"https:\/\/www.tagesfamilien-aaa.ch\/#\/schema\/logo\/image\/\"},\"sameAs\":[\"https:\/\/www.facebook.com\/100000805876953\/posts\/2095824770454365?sfns=mo\"]}]}<\/script>\n<!-- \/ Yoast SEO plugin. -->","yoast_head_json":{"title":"Tagesfamilie werden - Tagesfamilien Bezirk Affoltern","robots":{"index":"index","follow":"follow","max-snippet":"max-snippet:-1","max-image-preview":"max-image-preview:large","max-video-preview":"max-video-preview:-1"},"canonical":"https:\/\/www.tagesfamilien-aaa.ch\/index.php\/tagesfamilie\/","og_locale":"de_DE","og_type":"article","og_title":"Tagesfamilie werden - Tagesfamilien Bezirk Affoltern","og_url":"https:\/\/www.tagesfamilien-aaa.ch\/index.php\/tagesfamilie\/","og_site_name":"Tagesfamilien Bezirk Affoltern","article_publisher":"https:\/\/www.facebook.com\/100000805876953\/posts\/2095824770454365?sfns=mo","article_modified_time":"2024-12-16T19:30:01+00:00","twitter_card":"summary_large_image","twitter_misc":{"Gesch\u00e4tzte Lesezeit":"2\u00a0Minuten"},"schema":{"@context":"https:\/\/schema.org","@graph":[{"@type":"WebPage","@id":"https:\/\/www.tagesfamilien-aaa.ch\/index.php\/tagesfamilie\/","url":"https:\/\/www.tagesfamilien-aaa.ch\/index.php\/tagesfamilie\/","name":"Tagesfamilie werden - Tagesfamilien Bezirk Affoltern","isPartOf":{"@id":"https:\/\/www.tagesfamilien-aaa.ch\/#website"},"datePublished":"2018-04-23T14:29:37+00:00","dateModified":"2024-12-16T19:30:01+00:00","breadcrumb":{"@id":"https:\/\/www.tagesfamilien-aaa.ch\/index.php\/tagesfamilie\/#breadcrumb"},"inLanguage":"de","potentialAction":[{"@type":"ReadAction","target":["https:\/\/www.tagesfamilien-aaa.ch\/index.php\/tagesfamilie\/"]}]},{"@type":"BreadcrumbList","@id":"https:\/\/www.tagesfamilien-aaa.ch\/index.php\/tagesfamilie\/#breadcrumb","itemListElement":[{"@type":"ListItem","position":1,"name":"Startseite","item":"https:\/\/www.tagesfamilien-aaa.ch\/"},{"@type":"ListItem","position":2,"name":"Tagesfamilie werden"}]},{"@type":"WebSite","@id":"https:\/\/www.tagesfamilien-aaa.ch\/#website","url":"https:\/\/www.tagesfamilien-aaa.ch\/","name":"Tagesfamilien Bezirk Affoltern","description":"","publisher":{"@id":"https:\/\/www.tagesfamilien-aaa.ch\/#organization"},"potentialAction":[{"@type":"SearchAction","target":{"@type":"EntryPoint","urlTemplate":"https:\/\/www.tagesfamilien-aaa.ch\/?s={search_term_string}"},"query-input":{"@type":"PropertyValueSpecification","valueRequired":true,"valueName":"search_term_string"}}],"inLanguage":"de"},{"@type":"Organization","@id":"https:\/\/www.tagesfamilien-aaa.ch\/#organization","name":"Tagesfamilien Bezirk Affoltern","url":"https:\/\/www.tagesfamilien-aaa.ch\/","logo":{"@type":"ImageObject","inLanguage":"de","@id":"https:\/\/www.tagesfamilien-aaa.ch\/#\/schema\/logo\/image\/","url":"https:\/\/www.tagesfamilien-aaa.ch\/wp-content\/uploads\/2019\/01\/TFBA_Logo.jpg","contentUrl":"https:\/\/www.tagesfamilien-aaa.ch\/wp-content\/uploads\/2019\/01\/TFBA_Logo.jpg","width":630,"height":270,"caption":"Tagesfamilien Bezirk Affoltern"},"image":{"@id":"https:\/\/www.tagesfamilien-aaa.ch\/#\/schema\/logo\/image\/"},"sameAs":["https:\/\/www.facebook.com\/100000805876953\/posts\/2095824770454365?sfns=mo"]}]}},"_links":{"self":[{"href":"https:\/\/www.tagesfamilien-aaa.ch\/index.php\/wp-json\/wp\/v2\/pages\/1768","targetHints":{"allow":["GET"]}}],"collection":[{"href":"https:\/\/www.tagesfamilien-aaa.ch\/index.php\/wp-json\/wp\/v2\/pages"}],"about":[{"href":"https:\/\/www.tagesfamilien-aaa.ch\/index.php\/wp-json\/wp\/v2\/types\/page"}],"author":[{"embeddable":true,"href":"https:\/\/www.tagesfamilien-aaa.ch\/index.php\/wp-json\/wp\/v2\/users\/2"}],"replies":[{"embeddable":true,"href":"https:\/\/www.tagesfamilien-aaa.ch\/index.php\/wp-json\/wp\/v2\/comments?post=1768"}],"version-history":[{"count":69,"href":"https:\/\/www.tagesfamilien-aaa.ch\/index.php\/wp-json\/wp\/v2\/pages\/1768\/revisions"}],"predecessor-version":[{"id":5184,"href":"https:\/\/www.tagesfamilien-aaa.ch\/index.php\/wp-json\/wp\/v2\/pages\/1768\/revisions\/5184"}],"wp:attachment":[{"href":"https:\/\/www.tagesfamilien-aaa.ch\/index.php\/wp-json\/wp\/v2\/media?parent=1768"}],"curies":[{"name":"wp","href":"https:\/\/api.w.org\/{rel}","templated":true}]}}