{"id":1795,"date":"2018-04-23T18:28:23","date_gmt":"2018-04-23T18:28:23","guid":{"rendered":"https:\/\/wp.tagesfamilien-aaa.ch\/?page_id=1795"},"modified":"2025-06-23T09:08:20","modified_gmt":"2025-06-23T07:08:20","slug":"abgebende","status":"publish","type":"page","link":"https:\/\/www.tagesfamilien-aaa.ch\/index.php\/abgebende\/","title":{"rendered":"Tagesfamilie finden"},"content":{"rendered":"<p><div class=\"fusion-fullwidth fullwidth-box fusion-builder-row-1 hundred-percent-fullwidth non-hundred-percent-height-scrolling\" style=\"--awb-border-radius-top-left:0px;--awb-border-radius-top-right:0px;--awb-border-radius-bottom-right:0px;--awb-border-radius-bottom-left:0px;--awb-padding-right:0px;--awb-padding-left:0px;--awb-flex-wrap:wrap;\" ><div class=\"fusion-builder-row fusion-row\"><div class=\"fusion-layout-column fusion_builder_column fusion-builder-column-0 fusion_builder_column_1_1 1_1 fusion-one-full fusion-column-first fusion-column-last\" style=\"--awb-bg-size:cover;\"><div class=\"fusion-column-wrapper fusion-flex-column-wrapper-legacy\">\t\t\t\t\t<div class=\"fusion-slider-container fusion-slider-sc-tfba_angebot_ae fusion-slider-43 full-width-slider\" style=\"height:300px; max-width:100%;\" data-id=\"43\" data-full_height=\"\">\n\t\t\t\t\t\t<style type=\"text\/css\">.fusion-slider-43 .flex-direction-nav a {width:63px;height:63px;line-height:63px;font-size:25px;}<\/style>\t\t\t\t\t\t<div class=\"fusion-slider-loading\">Laden...<\/div>\n\t\t\t\t\t\t<div class=\"tfs-slider flexslider main-flex full-width-slider\" data-slider_width=\"100%\" data-slider_height=\"300px\" data-full_screen=\"0\" data-parallax=\"0\" data-nav_arrows=\"1\" data-nav_box_width=\"63px\" data-nav_box_height=\"63px\" data-nav_arrow_size=\"25px\" data-autoplay=\"1\" data-loop=\"1\" data-orderby=\"date\" data-order=\"ASC\" data-animation=\"slide\" data-slideshow_speed=\"4000\" data-animation_speed=\"1000\" data-typo_sensitivity=\"1\" data-typo_factor=\"1.5\" style=\"max-width:100%;\">\n\t\t\t\t\t\t\t<ul class=\"slides\">\n\t\t\t\t\t\t\t\t\t\t\t\t\t\t\t\t\t<li data-mute=\"yes\" data-loop=\"yes\" data-autoplay=\"yes\">\n\t\t\t\t\t\t\t\t\t\t<div class=\"slide-content-container slide-content-center\" style=\"display: none;\">\n\t\t\t\t\t\t\t\t\t\t\t<div class=\"slide-content\" style=\"\">\n\t\t\t\t\t\t\t\t\t\t\t\t\t\t\t\t\t\t\t\t\t\t\t\t\t<div class=\"heading \">\n\t\t\t\t\t\t\t\t\t\t\t\t\t\t<div class=\"fusion-title-sc-wrapper\" style=\"\">\n\t\t\t\t\t\t\t\t\t\t\t\t\t\t\t<div class=\"fusion-title title fusion-title-1 fusion-sep-none fusion-title-center fusion-title-text fusion-title-size-three\" style=\"--awb-text-color:#ffffff;--awb-sep-color:#ffffff;--awb-font-size:60px;\"><h3 class=\"fusion-title-heading title-heading-center fusion-responsive-typography-calculated\" style=\"margin:0;font-size:1em;--fontSize:60;line-height:1.33;\">Professionelle Betreuung f\u00fcr Ihre Kinder<\/h3><\/div>\t\t\t\t\t\t\t\t\t\t\t\t\t\t<\/div>\n\t\t\t\t\t\t\t\t\t\t\t\t\t<\/div>\n\t\t\t\t\t\t\t\t\t\t\t\t\t\t\t\t\t\t\t\t\t\t\t\t\t\t\t\t\t\t\t\t\t\t\t\t\t\t\t\t\t\t\t\t\t\t\t<\/div>\n\t\t\t\t\t\t\t\t\t\t<\/div>\n\t\t\t\t\t\t\t\t\t\t\t\t\t\t\t\t\t\t\t\t\t\t\t\t\t\t\t\t\t\t\t\t\t\t\t\t\t\t\t\t<div class=\"background background-image\" style=\"background-image: url(https:\/\/www.tagesfamilien-aaa.ch\/wp-content\/uploads\/2018\/04\/pexels-jessica-ticozzelli-5985670-1-scaled.jpg);max-width:100%;height:300px;filter: progid:DXImageTransform.Microsoft.AlphaImageLoader(src='https:\/\/www.tagesfamilien-aaa.ch\/wp-content\/uploads\/2018\/04\/pexels-jessica-ticozzelli-5985670-1-scaled.jpg', sizingMethod='scale');\" data-imgwidth=\"2560\">\n\t\t\t\t\t\t\t\t\t\t\t\t\t\t\t\t\t\t\t\t\t\t\t\t\t\t\t\t\t\t\t\t\t\t\t\t\t\t\t\t\t\t\t\t\t\t\t\t\t\t\t\t\t\t\t\t\t\t\t\t\t\t\t\t\t\t<\/div>\n\t\t\t\t\t\t\t\t\t<\/li>\n\t\t\t\t\t\t\t\t\t\t\t\t\t\t\t\t\t\t\t\t\t\t\t<\/ul>\n\t\t\t\t\t\t<\/div>\n\t\t\t\t\t<\/div>\n\t\t\t\t\t\t\t\t<div class=\"fusion-clearfix\"><\/div><\/div><\/div><\/div><\/div><div class=\"fusion-fullwidth fullwidth-box fusion-builder-row-2 nonhundred-percent-fullwidth non-hundred-percent-height-scrolling\" style=\"--awb-border-radius-top-left:0px;--awb-border-radius-top-right:0px;--awb-border-radius-bottom-right:0px;--awb-border-radius-bottom-left:0px;--awb-flex-wrap:wrap;\" ><div class=\"fusion-builder-row fusion-row\"><div class=\"fusion-layout-column fusion_builder_column fusion-builder-column-1 fusion_builder_column_1_1 1_1 fusion-one-full fusion-column-first fusion-column-last\" style=\"--awb-bg-size:cover;--awb-margin-bottom:0px;\"><div class=\"fusion-column-wrapper fusion-flex-column-wrapper-legacy\"><div class=\"fusion-text fusion-text-1\"><h2>Liebe Eltern<\/h2>\n<\/div><div class=\"fusion-text fusion-text-2\"><p>Die Familie ist ein wichtiger Bestandteil der Gesellschaft. Besonders Kinder brauchen Aufmerksamkeit, Geborgenheit aber auch Freiraum f\u00fcr ihre eigenen Erfahrungen. Daher ist es f\u00fcr die Eltern wichtig, dass bei einer Fremdbetreuung das Umfeld und die Bezugspersonen zu den eigenen Werten passen. Tagesfamilien Bezirk Affoltern ist genau in diesem Bereich f\u00fcr sie da. Flexibel und individuell gehen wir auf Ihre Bed\u00fcrfnisse ein und suchen eine geeignete Betreuungsperson.<\/p>\n<p>Zur sorgf\u00e4ltigen Abkl\u00e4rung geh\u00f6rt noch mehr &#8211; ihre pers\u00f6nliche Situation, Betreuungsbedarf und die finanzielle Situation wird ebenso gewichtet, damit wir die f\u00fcr sie optimale Betreuung sicherstellen k\u00f6nnen.<\/p>\n<\/div><div class=\"fusion-clearfix\"><\/div><\/div><\/div><\/div><\/div><div class=\"fusion-fullwidth fullwidth-box fusion-builder-row-3 fusion-flex-container has-pattern-background has-mask-background nonhundred-percent-fullwidth non-hundred-percent-height-scrolling\" style=\"--awb-border-radius-top-left:0px;--awb-border-radius-top-right:0px;--awb-border-radius-bottom-right:0px;--awb-border-radius-bottom-left:0px;--awb-flex-wrap:wrap;\" ><div class=\"fusion-builder-row fusion-row fusion-flex-align-items-flex-start fusion-flex-content-wrap\" style=\"max-width:1289.6px;margin-left: calc(-4% \/ 2 );margin-right: calc(-4% \/ 2 );\"><div class=\"fusion-layout-column fusion_builder_column fusion-builder-column-2 fusion_builder_column_1_1 1_1 fusion-flex-column\" style=\"--awb-bg-size:cover;--awb-width-large:100%;--awb-margin-top-large:0px;--awb-spacing-right-large:1.92%;--awb-margin-bottom-large:40px;--awb-spacing-left-large:1.92%;--awb-width-medium:100%;--awb-order-medium:0;--awb-spacing-right-medium:1.92%;--awb-spacing-left-medium:1.92%;--awb-width-small:100%;--awb-order-small:0;--awb-spacing-right-small:1.92%;--awb-spacing-left-small:1.92%;\"><div class=\"fusion-column-wrapper fusion-column-has-shadow fusion-flex-justify-content-flex-start fusion-content-layout-column\"><div class=\"fusion-text fusion-text-3\"><h2>Erste Informationen<\/h2>\n<\/div><div class=\"fusion-text fusion-text-4\"><p>Unsere Vermittlerinnen stehen Ihnen f\u00fcr erste Informationen gerne per <strong><a href=\"https:\/\/www.tagesfamilien-aaa.ch\/index.php\/vermittlung-finanzen\/\">Telefon<\/a><\/strong> oder <strong><a href=\"https:\/\/www.tagesfamilien-aaa.ch\/index.php\/kontakt\/\">Kontaktformular<\/a><\/strong> zur Verf\u00fcgung.<\/p>\n<\/div><\/div><\/div><\/div><\/div><div class=\"fusion-fullwidth fullwidth-box fusion-builder-row-4 fusion-flex-container has-pattern-background has-mask-background nonhundred-percent-fullwidth non-hundred-percent-height-scrolling\" style=\"--awb-border-radius-top-left:0px;--awb-border-radius-top-right:0px;--awb-border-radius-bottom-right:0px;--awb-border-radius-bottom-left:0px;--awb-flex-wrap:wrap;\" ><div class=\"fusion-builder-row fusion-row fusion-flex-align-items-flex-start fusion-flex-content-wrap\" style=\"max-width:1289.6px;margin-left: calc(-4% \/ 2 );margin-right: calc(-4% \/ 2 );\"><div class=\"fusion-layout-column fusion_builder_column fusion-builder-column-3 fusion_builder_column_1_2 1_2 fusion-flex-column\" style=\"--awb-bg-size:cover;--awb-width-large:50%;--awb-margin-top-large:0px;--awb-spacing-right-large:3.84%;--awb-margin-bottom-large:40px;--awb-spacing-left-large:3.84%;--awb-width-medium:100%;--awb-order-medium:0;--awb-spacing-right-medium:1.92%;--awb-spacing-left-medium:1.92%;--awb-width-small:100%;--awb-order-small:0;--awb-spacing-right-small:1.92%;--awb-spacing-left-small:1.92%;\"><div class=\"fusion-column-wrapper fusion-column-has-shadow fusion-flex-justify-content-flex-start fusion-content-layout-column\"><div class=\"fusion-text fusion-text-5\"><h2>Anmeldung<\/h2>\n<\/div><div class=\"fusion-text fusion-text-6\"><p>Falls Sie an einem Tagesbetreuungsplatz f\u00fcr Ihr Kind interessiert sind, bitten wir Sie <strong>als erstes<\/strong>:<\/p>\n<ul>\n<li>Das Formular <strong><a href=\"https:\/\/www.tagesfamilien-aaa.ch\/index.php\/vermittlungsauftrag\/\">Vermittlungsauftrag<\/a><\/strong> ausgef\u00fcllt zuzustellen;<\/li>\n<li>Die einmalige Anmeldegeb\u00fchr von CHF 150 auf unser Konto zu \u00fcberweisen. Die \u00dcberweisung kann via<strong> <a href=\"https:\/\/www.tagesfamilien-aaa.ch\/index.php\/verein\/\">ebanking<\/a> <\/strong>(IBAN CH89 3080 8004 5214 3740 5) oder <strong><a href=\"https:\/\/www.tagesfamilien-aaa.ch\/wp-content\/uploads\/2025\/06\/QR-Einzahlungsschein.pdf\">QR-Rechnung<\/a><\/strong> erfolgen.<\/li>\n<\/ul>\n<p>Sobald wir die Unterlagen bzw. Zahlung erhalten haben, wird unsere Vermittlerin erste Kontakte zu m\u00f6glichen Tagesfamilien herstellen. Weitere Details zum Vorgehen und den Mahlzeitentarifen entnehmen Sie bitte unserem <strong><a href=\"https:\/\/www.tagesfamilien-aaa.ch\/wp-content\/uploads\/2020\/06\/Infoblatt_Eltern_V_2020.pdf\">Informations-\/Tarifblatt<\/a><\/strong>.<\/p>\n<\/div><\/div><\/div><div class=\"fusion-layout-column fusion_builder_column fusion-builder-column-4 fusion_builder_column_1_2 1_2 fusion-flex-column\" style=\"--awb-bg-size:cover;--awb-width-large:50%;--awb-margin-top-large:0px;--awb-spacing-right-large:3.84%;--awb-margin-bottom-large:40px;--awb-spacing-left-large:3.84%;--awb-width-medium:100%;--awb-order-medium:0;--awb-spacing-right-medium:1.92%;--awb-spacing-left-medium:1.92%;--awb-width-small:100%;--awb-order-small:0;--awb-spacing-right-small:1.92%;--awb-spacing-left-small:1.92%;\"><div class=\"fusion-column-wrapper fusion-column-has-shadow fusion-flex-justify-content-flex-start fusion-content-layout-column\"><div class=\"fusion-image-element \" style=\"--awb-caption-title-font-family:var(--h2_typography-font-family);--awb-caption-title-font-weight:var(--h2_typography-font-weight);--awb-caption-title-font-style:var(--h2_typography-font-style);--awb-caption-title-size:var(--h2_typography-font-size);--awb-caption-title-transform:var(--h2_typography-text-transform);--awb-caption-title-line-height:var(--h2_typography-line-height);--awb-caption-title-letter-spacing:var(--h2_typography-letter-spacing);\"><span class=\" fusion-imageframe imageframe-none imageframe-1 hover-type-none\"><img decoding=\"async\" width=\"2560\" height=\"1707\" title=\"pexels-olia-danilevich-4982457\" src=\"https:\/\/www.tagesfamilien-aaa.ch\/wp-content\/uploads\/2023\/05\/pexels-olia-danilevich-4982457-scaled.jpg\" alt class=\"img-responsive wp-image-4372\" srcset=\"https:\/\/www.tagesfamilien-aaa.ch\/wp-content\/uploads\/2023\/05\/pexels-olia-danilevich-4982457-200x133.jpg 200w, https:\/\/www.tagesfamilien-aaa.ch\/wp-content\/uploads\/2023\/05\/pexels-olia-danilevich-4982457-400x267.jpg 400w, https:\/\/www.tagesfamilien-aaa.ch\/wp-content\/uploads\/2023\/05\/pexels-olia-danilevich-4982457-600x400.jpg 600w, https:\/\/www.tagesfamilien-aaa.ch\/wp-content\/uploads\/2023\/05\/pexels-olia-danilevich-4982457-800x533.jpg 800w, https:\/\/www.tagesfamilien-aaa.ch\/wp-content\/uploads\/2023\/05\/pexels-olia-danilevich-4982457-1200x800.jpg 1200w, https:\/\/www.tagesfamilien-aaa.ch\/wp-content\/uploads\/2023\/05\/pexels-olia-danilevich-4982457-scaled.jpg 2560w\" sizes=\"(max-width: 1024px) 100vw, (max-width: 960px) 100vw, 600px\" \/><\/span><\/div><\/div><\/div><\/div><\/div><div class=\"fusion-fullwidth fullwidth-box fusion-builder-row-5 fusion-flex-container has-pattern-background has-mask-background nonhundred-percent-fullwidth non-hundred-percent-height-scrolling\" style=\"--awb-border-radius-top-left:0px;--awb-border-radius-top-right:0px;--awb-border-radius-bottom-right:0px;--awb-border-radius-bottom-left:0px;--awb-flex-wrap:wrap;\" ><div class=\"fusion-builder-row fusion-row fusion-flex-align-items-flex-start fusion-flex-content-wrap\" style=\"max-width:1289.6px;margin-left: calc(-4% \/ 2 );margin-right: calc(-4% \/ 2 );\"><div class=\"fusion-layout-column fusion_builder_column fusion-builder-column-5 fusion_builder_column_1_1 1_1 fusion-flex-column\" style=\"--awb-bg-size:cover;--awb-width-large:100%;--awb-margin-top-large:0px;--awb-spacing-right-large:1.92%;--awb-margin-bottom-large:40px;--awb-spacing-left-large:1.92%;--awb-width-medium:100%;--awb-order-medium:0;--awb-spacing-right-medium:1.92%;--awb-spacing-left-medium:1.92%;--awb-width-small:100%;--awb-order-small:0;--awb-spacing-right-small:1.92%;--awb-spacing-left-small:1.92%;\"><div class=\"fusion-column-wrapper fusion-column-has-shadow fusion-flex-justify-content-flex-start fusion-content-layout-column\"><div class=\"fusion-text fusion-text-7\"><h2>Eingew\u00f6hnung<\/h2>\n<\/div><div class=\"fusion-text fusion-text-8\"><p>Insbesondere Kinder im Vorschulalter brauchen viel Zeit, um sich bei einer Tagesfamilie einzuleben. Dabei spielt die Unterst\u00fctzung der Eltern als vertraute Bezugsperson eine sehr wichtige Rolle. Kinder, die schrittweise und liebevoll eingew\u00f6hnt werden, f\u00fchlen sich in der Tagesfamilie sicher und geborgen.<\/p>\n<p>In unserem <strong><a href=\"https:\/\/www.tagesfamilien-aaa.ch\/wp-content\/uploads\/2019\/01\/Eingewoehnung_Merkblatt2018.pdf\">Merkblatt<\/a>\u00a0<\/strong>haben wir die wichtigsten Punkte f\u00fcr die Eingew\u00f6hnungsphase zusammengestellt.<\/p>\n<\/div><\/div><\/div><\/div><\/div><div id=\"tarifmodell\" class=\"fusion-container-anchor\"><div class=\"fusion-fullwidth fullwidth-box fusion-builder-row-6 nonhundred-percent-fullwidth non-hundred-percent-height-scrolling\" style=\"--awb-border-radius-top-left:0px;--awb-border-radius-top-right:0px;--awb-border-radius-bottom-right:0px;--awb-border-radius-bottom-left:0px;--awb-flex-wrap:wrap;\" ><div class=\"fusion-builder-row fusion-row\"><div class=\"fusion-layout-column fusion_builder_column fusion-builder-column-6 fusion_builder_column_1_1 1_1 fusion-one-full fusion-column-first fusion-column-last\" style=\"--awb-bg-size:cover;\"><div class=\"fusion-column-wrapper fusion-flex-column-wrapper-legacy\"><div class=\"fusion-text fusion-text-9\"><h2>Tarifmodelle<\/h2>\n<\/div><div class=\"fusion-text fusion-text-10\"><p>Seit 1. Januar 2014 gelten die nachfolgenden Tarifmodelle, basierend auf den Leistungsvereinbarungen mit den Gemeinden des Bezirks Affoltern.<\/p>\n<p>Die detaillierten Angaben f\u00fcr die <strong>Tarifmodelle B und C<\/strong> entnehmen Sie bitte dem jeweiligen Link pro Gemeinde. F\u00fcr die Gemeinden des <strong>Tarifmodells D<\/strong> bitten wir Sie, die jeweilige Gemeinde zu kontaktieren.<\/p>\n<\/div><div class=\"fusion-clearfix\"><\/div><\/div><\/div><div class=\"fusion-layout-column fusion_builder_column fusion-builder-column-7 fusion_builder_column_1_3 1_3 fusion-one-third fusion-column-first\" style=\"--awb-bg-size:cover;width:33.333333333333%;width:calc(33.333333333333% - ( ( 4% + 4% ) * 0.33333333333333 ) );margin-right: 4%;\"><div class=\"fusion-column-wrapper fusion-flex-column-wrapper-legacy\"><div class=\"fusion-text fusion-text-11\"><h3>Tarifmodell B<\/h3>\n<\/div><ul style=\"--awb-size:16px;--awb-line-height:27.2px;--awb-icon-width:27.2px;--awb-icon-height:27.2px;--awb-icon-margin:11.2px;--awb-content-margin:38.4px;\" class=\"fusion-checklist fusion-checklist-1 fusion-checklist-default type-icons\"><li class=\"fusion-li-item\" style=\"\"><span class=\"icon-wrapper circle-no\"><i class=\"fusion-li-icon fa-map-pin fas\" aria-hidden=\"true\"><\/i><\/span><div class=\"fusion-li-item-content\">\n<p><strong><a href=\"https:\/\/tagesfamilien-aaa.ch\/wp-content\/uploads\/2018\/06\/gem-1209-TarifmodellB.pdf\" target=\"_blank\" rel=\"noopener noreferrer\">Hausen am Albis<\/a><\/strong><\/p>\n<\/div><\/li><li class=\"fusion-li-item\" style=\"\"><span class=\"icon-wrapper circle-no\"><i class=\"fusion-li-icon fa-map-pin fas\" aria-hidden=\"true\"><\/i><\/span><div class=\"fusion-li-item-content\">\n<p><strong><a href=\"https:\/\/tagesfamilien-aaa.ch\/wp-content\/uploads\/2018\/06\/gem-1209-TarifmodellB.pdf\" target=\"_blank\" rel=\"noopener noreferrer\">Rifferswil<\/a><\/strong><\/p>\n<\/div><\/li><\/ul><div class=\"fusion-clearfix\"><\/div><\/div><\/div><div class=\"fusion-layout-column fusion_builder_column fusion-builder-column-8 fusion_builder_column_1_3 1_3 fusion-one-third\" style=\"--awb-bg-size:cover;width:33.333333333333%;width:calc(33.333333333333% - ( ( 4% + 4% ) * 0.33333333333333 ) );margin-right: 4%;\"><div class=\"fusion-column-wrapper fusion-flex-column-wrapper-legacy\"><div class=\"fusion-text fusion-text-12\"><h3>Tarifmodell C<\/h3>\n<\/div><ul style=\"--awb-size:16px;--awb-line-height:27.2px;--awb-icon-width:27.2px;--awb-icon-height:27.2px;--awb-icon-margin:11.2px;--awb-content-margin:38.4px;\" class=\"fusion-checklist fusion-checklist-2 fusion-checklist-default type-icons\"><li class=\"fusion-li-item\" style=\"\"><span class=\"icon-wrapper circle-no\"><i class=\"fusion-li-icon fa-map-pin fas\" aria-hidden=\"true\"><\/i><\/span><div class=\"fusion-li-item-content\">\n<p><strong><a href=\"https:\/\/www.tagesfamilien-aaa.ch\/wp-content\/uploads\/2021\/12\/Tarifmodell-C-2021-Bonstetten_Stallikon_Wettswil.pdf\" target=\"_blank\" rel=\"noopener noreferrer\">Bonstetten<\/a><\/strong><\/p>\n<\/div><\/li><li class=\"fusion-li-item\" style=\"\"><span class=\"icon-wrapper circle-no\"><i class=\"fusion-li-icon fa-map-pin fas\" aria-hidden=\"true\"><\/i><\/span><div class=\"fusion-li-item-content\">\n<p><strong><a href=\"https:\/\/tagesfamilien-aaa.ch\/wp-content\/uploads\/2018\/06\/gem-1209-tarifmodellC.pdf\" target=\"_blank\" rel=\"noopener noreferrer\">Hedingen<\/a><\/strong><\/p>\n<\/div><\/li><li class=\"fusion-li-item\" style=\"\"><span class=\"icon-wrapper circle-no\"><i class=\"fusion-li-icon fa-map-pin fas\" aria-hidden=\"true\"><\/i><\/span><div class=\"fusion-li-item-content\">\n<p><strong><a href=\"https:\/\/tagesfamilien-aaa.ch\/wp-content\/uploads\/2018\/06\/gem-1209-tarifmodellC.pdf\" target=\"_blank\" rel=\"noopener noreferrer\">Kappel am Albis<\/a><\/strong><\/p>\n<\/div><\/li><li class=\"fusion-li-item\" style=\"\"><span class=\"icon-wrapper circle-no\"><i class=\"fusion-li-icon fa-map-pin fas\" aria-hidden=\"true\"><\/i><\/span><div class=\"fusion-li-item-content\">\n<p><strong><a href=\"https:\/\/tagesfamilien-aaa.ch\/wp-content\/uploads\/2018\/06\/gem-1209-tarifmodellC.pdf\" target=\"_blank\" rel=\"noopener noreferrer\">Knonau<\/a><\/strong><\/p>\n<\/div><\/li><li class=\"fusion-li-item\" style=\"\"><span class=\"icon-wrapper circle-no\"><i class=\"fusion-li-icon fa-map-pin fas\" aria-hidden=\"true\"><\/i><\/span><div class=\"fusion-li-item-content\">\n<p><strong><a href=\"https:\/\/tagesfamilien-aaa.ch\/wp-content\/uploads\/2018\/06\/gem-1209-tarifmodellC.pdf\" target=\"_blank\" rel=\"noopener noreferrer\">Maschwanden<\/a><\/strong><\/p>\n<\/div><\/li><li class=\"fusion-li-item\" style=\"\"><span class=\"icon-wrapper circle-no\"><i class=\"fusion-li-icon fa-map-pin fas\" aria-hidden=\"true\"><\/i><\/span><div class=\"fusion-li-item-content\">\n<p><strong><a href=\"https:\/\/tagesfamilien-aaa.ch\/wp-content\/uploads\/2018\/06\/gem-1209-tarifmodellC.pdf\" target=\"_blank\" rel=\"noopener noreferrer\">Obfelden<\/a><\/strong><\/p>\n<\/div><\/li><li class=\"fusion-li-item\" style=\"\"><span class=\"icon-wrapper circle-no\"><i class=\"fusion-li-icon fa-map-pin fas\" aria-hidden=\"true\"><\/i><\/span><div class=\"fusion-li-item-content\">\n<p><strong><a href=\"https:\/\/tagesfamilien-aaa.ch\/wp-content\/uploads\/2018\/06\/gem-1209-tarifmodellC.pdf\" target=\"_blank\" rel=\"noopener noreferrer\">Ottenbach<\/a><\/strong><\/p>\n<\/div><\/li><li class=\"fusion-li-item\" style=\"\"><span class=\"icon-wrapper circle-no\"><i class=\"fusion-li-icon fa-map-pin fas\" aria-hidden=\"true\"><\/i><\/span><div class=\"fusion-li-item-content\">\n<p><strong><a href=\"https:\/\/www.tagesfamilien-aaa.ch\/wp-content\/uploads\/2021\/12\/Tarifmodell-C-2021-Bonstetten_Stallikon_Wettswil.pdf\" target=\"_blank\" rel=\"noopener noreferrer\">Stallikon<\/a><\/strong><\/p>\n<\/div><\/li><li class=\"fusion-li-item\" style=\"\"><span class=\"icon-wrapper circle-no\"><i class=\"fusion-li-icon fa-map-pin fas\" aria-hidden=\"true\"><\/i><\/span><div class=\"fusion-li-item-content\">\n<p><strong><a href=\"https:\/\/www.tagesfamilien-aaa.ch\/wp-content\/uploads\/2021\/12\/Tarifmodell-C-2021-Bonstetten_Stallikon_Wettswil.pdf\" target=\"_blank\" rel=\"noopener noreferrer\">Wettswil am Albis<\/a><\/strong><\/p>\n<\/div><\/li><\/ul><div class=\"fusion-clearfix\"><\/div><\/div><\/div><div class=\"fusion-layout-column fusion_builder_column fusion-builder-column-9 fusion_builder_column_1_3 1_3 fusion-one-third fusion-column-last\" style=\"--awb-bg-size:cover;width:33.333333333333%;width:calc(33.333333333333% - ( ( 4% + 4% ) * 0.33333333333333 ) );\"><div class=\"fusion-column-wrapper fusion-flex-column-wrapper-legacy\"><div class=\"fusion-text fusion-text-13\"><h3>Tarifmodell D<\/h3>\n<\/div><ul style=\"--awb-size:16px;--awb-line-height:27.2px;--awb-icon-width:27.2px;--awb-icon-height:27.2px;--awb-icon-margin:11.2px;--awb-content-margin:38.4px;\" class=\"fusion-checklist fusion-checklist-3 fusion-checklist-default type-icons\"><li class=\"fusion-li-item\" style=\"\"><span class=\"icon-wrapper circle-no\"><i class=\"fusion-li-icon fa-map-pin fas\" aria-hidden=\"true\"><\/i><\/span><div class=\"fusion-li-item-content\">\n<p><strong><a href=\"https:\/\/www.aeugst-albis.ch\/\">Aeugst am Albis<\/a><\/strong><\/p>\n<\/div><\/li><li class=\"fusion-li-item\" style=\"\"><span class=\"icon-wrapper circle-no\"><i class=\"fusion-li-icon fa-map-pin fas\" aria-hidden=\"true\"><\/i><\/span><div class=\"fusion-li-item-content\">\n<p><a href=\"https:\/\/www.stadtaffoltern.ch\/\"><b>Affoltern am Albis<\/b><\/a><\/p>\n<\/div><\/li><li class=\"fusion-li-item\" style=\"\"><span class=\"icon-wrapper circle-no\"><i class=\"fusion-li-icon fa-map-pin fas\" aria-hidden=\"true\"><\/i><\/span><div class=\"fusion-li-item-content\">\n<p><strong><a href=\"https:\/\/www.mettmenstetten.ch\/\">Mettmenstetten<\/a><\/strong><\/p>\n<\/div><\/li><\/ul><div class=\"fusion-clearfix\"><\/div><\/div><\/div><\/div><\/div><\/div><div class=\"fusion-fullwidth fullwidth-box fusion-builder-row-7 fusion-flex-container has-pattern-background has-mask-background nonhundred-percent-fullwidth non-hundred-percent-height-scrolling\" style=\"--awb-border-radius-top-left:0px;--awb-border-radius-top-right:0px;--awb-border-radius-bottom-right:0px;--awb-border-radius-bottom-left:0px;--awb-flex-wrap:wrap;\" ><div class=\"fusion-builder-row fusion-row fusion-flex-align-items-flex-start fusion-flex-content-wrap\" style=\"max-width:1289.6px;margin-left: calc(-4% \/ 2 );margin-right: calc(-4% \/ 2 );\"><div class=\"fusion-layout-column fusion_builder_column fusion-builder-column-10 fusion_builder_column_1_1 1_1 fusion-flex-column\" style=\"--awb-bg-size:cover;--awb-width-large:100%;--awb-margin-top-large:0px;--awb-spacing-right-large:1.92%;--awb-margin-bottom-large:40px;--awb-spacing-left-large:1.92%;--awb-width-medium:100%;--awb-order-medium:0;--awb-spacing-right-medium:1.92%;--awb-spacing-left-medium:1.92%;--awb-width-small:100%;--awb-order-small:0;--awb-spacing-right-small:1.92%;--awb-spacing-left-small:1.92%;\"><div class=\"fusion-column-wrapper fusion-column-has-shadow fusion-flex-justify-content-flex-start fusion-content-layout-column\"><div class=\"fusion-text fusion-text-14\"><h2>Dokumente \/ Formular<\/h2>\n<\/div><ul style=\"--awb-line-height:23.8px;--awb-icon-width:23.8px;--awb-icon-height:23.8px;--awb-icon-margin:9.8px;--awb-content-margin:33.6px;\" class=\"fusion-checklist fusion-checklist-4 fusion-checklist-default type-icons\"><li class=\"fusion-li-item\" style=\"\"><span class=\"icon-wrapper circle-no\"><i class=\"fusion-li-icon fa-file-alt fas\" aria-hidden=\"true\"><\/i><\/span><div class=\"fusion-li-item-content\">\n<p data-fontsize=\"22\" data-lineheight=\"31.9px\"><a href=\"https:\/\/www.tagesfamilien-aaa.ch\/wp-content\/uploads\/2024\/04\/Tarifblatt_AE_V_2024.pdf\"><strong>Informations-\/Tarifblatt<\/strong><\/a><\/p>\n<\/div><\/li><li class=\"fusion-li-item\" style=\"\"><span class=\"icon-wrapper circle-no\"><i class=\"fusion-li-icon fa-link fas\" aria-hidden=\"true\"><\/i><\/span><div class=\"fusion-li-item-content\">\n<p data-fontsize=\"22\" data-lineheight=\"31.9px\"><strong><a href=\"https:\/\/www.tagesfamilien-aaa.ch\/index.php\/vermittlungsauftrag\/\">Vermittlungsauftrag<\/a><\/strong><\/p>\n<\/div><\/li><li class=\"fusion-li-item\" style=\"\"><span class=\"icon-wrapper circle-no\"><i class=\"fusion-li-icon fa-file-alt fas\" aria-hidden=\"true\"><\/i><\/span><div class=\"fusion-li-item-content\">\n<p data-fontsize=\"22\" data-lineheight=\"31.9px\"><strong><a href=\"https:\/\/www.tagesfamilien-aaa.ch\/wp-content\/uploads\/2022\/10\/QR-Einzahlungsschein.pdf\">QR-Rechnung<\/a><\/strong><\/p>\n<\/div><\/li><li class=\"fusion-li-item\" style=\"\"><span class=\"icon-wrapper circle-no\"><i class=\"fusion-li-icon fa-file-alt fas\" aria-hidden=\"true\"><\/i><\/span><div class=\"fusion-li-item-content\">\n<p data-fontsize=\"22\" data-lineheight=\"31.9px\"><strong><a href=\"https:\/\/www.tagesfamilien-aaa.ch\/wp-content\/uploads\/2019\/01\/Eingewoehnung_Merkblatt2018.pdf\">Merkblatt: Eingew\u00f6hnung<\/a><\/strong><\/p>\n<\/div><\/li><\/ul><\/div><\/div><\/div><\/div><div class=\"fusion-fullwidth fullwidth-box fusion-builder-row-8 fusion-parallax-none nonhundred-percent-fullwidth non-hundred-percent-height-scrolling\" style=\"--awb-border-radius-top-left:0px;--awb-border-radius-top-right:0px;--awb-border-radius-bottom-right:0px;--awb-border-radius-bottom-left:0px;--awb-padding-bottom:130px;--awb-background-image:url(&quot;https:\/\/www.tagesfamilien-aaa.ch\/wp-content\/uploads\/2018\/04\/ausbildung-bildung-buntstifte-207653_sw.jpg&quot;);--awb-background-size:cover;--awb-flex-wrap:wrap;\" ><div class=\"fusion-builder-row fusion-row\"><div class=\"fusion-layout-column fusion_builder_column fusion-builder-column-11 fusion_builder_column_1_1 1_1 fusion-one-full fusion-column-first fusion-column-last\" style=\"--awb-bg-size:cover;--awb-margin-bottom:140px;\"><div class=\"fusion-column-wrapper fusion-flex-column-wrapper-legacy\"><div class=\"fusion-section-separator section-separator rounded-split fusion-section-separator-1 rounded-split-separator\" style=\"--awb-spacer-height:71px;--awb-svg-margin-left:0;--awb-svg-margin-right:0;\"><div class=\"fusion-section-separator-svg\"><div class=\"rounded-split top\" style=\"background-color:#f5f5f5;\"><\/div><\/div><div class=\"fusion-section-separator-spacer\"><div class=\"fusion-section-separator-spacer-height\"><\/div><\/div><\/div><div class=\"fusion-clearfix\"><\/div><\/div><\/div><div class=\"fusion-layout-column fusion_builder_column fusion-builder-column-12 fusion_builder_column_1_1 1_1 fusion-one-full fusion-column-first fusion-column-last\" style=\"--awb-padding-right:13%;--awb-padding-left:13%;--awb-bg-size:cover;\"><div class=\"fusion-column-wrapper fusion-flex-column-wrapper-legacy\"><div class=\"fusion-text fusion-text-15\"><h2 style=\"text-align: center;color: #fff;font-size: 70px;line-height: 1\">Kinderbetreuung in Tagesfamilien<\/h2>\n<\/div><div class=\"fusion-sep-clear\"><\/div><div class=\"fusion-separator fusion-full-width-sep\" style=\"margin-left: auto;margin-right: auto;margin-top:18px;width:100%;\"><\/div><div class=\"fusion-sep-clear\"><\/div><div class=\"fusion-text fusion-text-16\"><p style=\"text-align: center;color: #fff\">\u00dcber 100 Kinder sind aktuell durch unseren Verein vermittelt und gut betreut.<br \/>\n\u00dcber 30 Tageseltern offerieren Betreuungspl\u00e4tze - flexibel und individuell.<\/p>\n<p style=\"text-align: center;color: #fff;font-size: 18px\">Geh\u00f6ren auch Sie bald dazu?<\/p>\n<\/div><div class=\"fusion-sep-clear\"><\/div><div class=\"fusion-separator fusion-full-width-sep\" style=\"margin-left: auto;margin-right: auto;margin-top:15px;width:100%;\"><\/div><div class=\"fusion-sep-clear\"><\/div><div class=\"fusion-aligncenter\"><a class=\"fusion-button button-flat button-xlarge button-custom fusion-button-default button-1 fusion-button-default-span fusion-button-default-type button_global_footer\" style=\"--button_accent_color:#3d434c;--button_border_color:#3d434c;--button_accent_hover_color:#ffffff;--button_border_hover_color:#ffffff;--button_gradient_top_color:#ffffff;--button_gradient_bottom_color:#ffffff;--button_gradient_top_color_hover:#6dc7b5;--button_gradient_bottom_color_hover:#6dc7b5;\" target=\"_self\" href=\"https:\/\/tagesfamilien-aaa.ch\/index.php\/kontakt\/\"><span class=\"fusion-button-text awb-button__text awb-button__text--default\">Kontaktieren Sie uns!<\/span><\/a><\/div><div class=\"fusion-sep-clear\"><\/div><div class=\"fusion-separator fusion-full-width-sep\" style=\"margin-left: auto;margin-right: auto;margin-top:15px;width:100%;\"><\/div><div class=\"fusion-sep-clear\"><\/div><div class=\"fusion-aligncenter\"><a class=\"fusion-button button-flat button-xlarge button-custom fusion-button-default button-2 fusion-button-default-span fusion-button-default-type button_global_footer\" style=\"--button_accent_color:#3d434c;--button_border_color:#3d434c;--button_accent_hover_color:#ffffff;--button_border_hover_color:#ffffff;--button_gradient_top_color:#ffffff;--button_gradient_bottom_color:#ffffff;--button_gradient_top_color_hover:#6dc7b5;--button_gradient_bottom_color_hover:#6dc7b5;\" target=\"_self\" href=\"https:\/\/tagesfamilien-aaa.ch\/index.php\/kontakt\/#frage\"><span class=\"fusion-button-text awb-button__text awb-button__text--default\">Fragen &amp; Antworten<\/span><\/a><\/div><div class=\"fusion-clearfix\"><\/div><\/div><\/div><div class=\"fusion-layout-column fusion_builder_column fusion-builder-column-13 fusion_builder_column_1_2 1_2 fusion-one-half fusion-column-first\" style=\"--awb-bg-size:cover;width:50%;width:calc(50% - ( ( 4% ) * 0.5 ) );margin-right: 4%;\"><div class=\"fusion-column-wrapper fusion-flex-column-wrapper-legacy\"><div class=\"fusion-column-content-centered\"><div class=\"fusion-column-content\"><\/div><\/div><div class=\"fusion-clearfix\"><\/div><\/div><\/div><div class=\"fusion-layout-column fusion_builder_column fusion-builder-column-14 fusion_builder_column_1_2 1_2 fusion-one-half fusion-column-last\" style=\"--awb-bg-size:cover;width:50%;width:calc(50% - ( ( 4% ) * 0.5 ) );\"><div class=\"fusion-column-wrapper fusion-flex-column-wrapper-legacy\"><div class=\"fusion-column-content-centered\"><div class=\"fusion-column-content\"><\/div><\/div><div class=\"fusion-clearfix\"><\/div><\/div><\/div><\/div><\/div><\/p>\n","protected":false},"excerpt":{"rendered":"","protected":false},"author":2,"featured_media":0,"parent":0,"menu_order":40,"comment_status":"closed","ping_status":"closed","template":"100-width.php","meta":{"footnotes":""},"class_list":["post-1795","page","type-page","status-publish","hentry"],"yoast_head":"<!-- This site is optimized with the Yoast SEO plugin v27.1.1 - https:\/\/yoast.com\/product\/yoast-seo-wordpress\/ -->\n<title>Tagesfamilie finden - Tagesfamilien Bezirk Affoltern<\/title>\n<meta name=\"robots\" content=\"index, follow, max-snippet:-1, max-image-preview:large, max-video-preview:-1\" \/>\n<link rel=\"canonical\" href=\"https:\/\/www.tagesfamilien-aaa.ch\/index.php\/abgebende\/\" \/>\n<meta property=\"og:locale\" content=\"de_DE\" \/>\n<meta property=\"og:type\" content=\"article\" \/>\n<meta property=\"og:title\" content=\"Tagesfamilie finden - Tagesfamilien Bezirk Affoltern\" \/>\n<meta property=\"og:url\" content=\"https:\/\/www.tagesfamilien-aaa.ch\/index.php\/abgebende\/\" \/>\n<meta property=\"og:site_name\" content=\"Tagesfamilien Bezirk Affoltern\" \/>\n<meta property=\"article:publisher\" content=\"https:\/\/www.facebook.com\/100000805876953\/posts\/2095824770454365?sfns=mo\" \/>\n<meta property=\"article:modified_time\" content=\"2025-06-23T07:08:20+00:00\" \/>\n<meta name=\"twitter:card\" content=\"summary_large_image\" \/>\n<meta name=\"twitter:label1\" content=\"Gesch\u00e4tzte Lesezeit\" \/>\n\t<meta name=\"twitter:data1\" content=\"3\u00a0Minuten\" \/>\n<script type=\"application\/ld+json\" class=\"yoast-schema-graph\">{\"@context\":\"https:\/\/schema.org\",\"@graph\":[{\"@type\":\"WebPage\",\"@id\":\"https:\/\/www.tagesfamilien-aaa.ch\/index.php\/abgebende\/\",\"url\":\"https:\/\/www.tagesfamilien-aaa.ch\/index.php\/abgebende\/\",\"name\":\"Tagesfamilie finden - Tagesfamilien Bezirk Affoltern\",\"isPartOf\":{\"@id\":\"https:\/\/www.tagesfamilien-aaa.ch\/#website\"},\"datePublished\":\"2018-04-23T18:28:23+00:00\",\"dateModified\":\"2025-06-23T07:08:20+00:00\",\"breadcrumb\":{\"@id\":\"https:\/\/www.tagesfamilien-aaa.ch\/index.php\/abgebende\/#breadcrumb\"},\"inLanguage\":\"de\",\"potentialAction\":[{\"@type\":\"ReadAction\",\"target\":[\"https:\/\/www.tagesfamilien-aaa.ch\/index.php\/abgebende\/\"]}]},{\"@type\":\"BreadcrumbList\",\"@id\":\"https:\/\/www.tagesfamilien-aaa.ch\/index.php\/abgebende\/#breadcrumb\",\"itemListElement\":[{\"@type\":\"ListItem\",\"position\":1,\"name\":\"Startseite\",\"item\":\"https:\/\/www.tagesfamilien-aaa.ch\/\"},{\"@type\":\"ListItem\",\"position\":2,\"name\":\"Tagesfamilie finden\"}]},{\"@type\":\"WebSite\",\"@id\":\"https:\/\/www.tagesfamilien-aaa.ch\/#website\",\"url\":\"https:\/\/www.tagesfamilien-aaa.ch\/\",\"name\":\"Tagesfamilien Bezirk Affoltern\",\"description\":\"\",\"publisher\":{\"@id\":\"https:\/\/www.tagesfamilien-aaa.ch\/#organization\"},\"potentialAction\":[{\"@type\":\"SearchAction\",\"target\":{\"@type\":\"EntryPoint\",\"urlTemplate\":\"https:\/\/www.tagesfamilien-aaa.ch\/?s={search_term_string}\"},\"query-input\":{\"@type\":\"PropertyValueSpecification\",\"valueRequired\":true,\"valueName\":\"search_term_string\"}}],\"inLanguage\":\"de\"},{\"@type\":\"Organization\",\"@id\":\"https:\/\/www.tagesfamilien-aaa.ch\/#organization\",\"name\":\"Tagesfamilien Bezirk Affoltern\",\"url\":\"https:\/\/www.tagesfamilien-aaa.ch\/\",\"logo\":{\"@type\":\"ImageObject\",\"inLanguage\":\"de\",\"@id\":\"https:\/\/www.tagesfamilien-aaa.ch\/#\/schema\/logo\/image\/\",\"url\":\"https:\/\/www.tagesfamilien-aaa.ch\/wp-content\/uploads\/2019\/01\/TFBA_Logo.jpg\",\"contentUrl\":\"https:\/\/www.tagesfamilien-aaa.ch\/wp-content\/uploads\/2019\/01\/TFBA_Logo.jpg\",\"width\":630,\"height\":270,\"caption\":\"Tagesfamilien Bezirk Affoltern\"},\"image\":{\"@id\":\"https:\/\/www.tagesfamilien-aaa.ch\/#\/schema\/logo\/image\/\"},\"sameAs\":[\"https:\/\/www.facebook.com\/100000805876953\/posts\/2095824770454365?sfns=mo\"]}]}<\/script>\n<!-- \/ Yoast SEO plugin. -->","yoast_head_json":{"title":"Tagesfamilie finden - Tagesfamilien Bezirk Affoltern","robots":{"index":"index","follow":"follow","max-snippet":"max-snippet:-1","max-image-preview":"max-image-preview:large","max-video-preview":"max-video-preview:-1"},"canonical":"https:\/\/www.tagesfamilien-aaa.ch\/index.php\/abgebende\/","og_locale":"de_DE","og_type":"article","og_title":"Tagesfamilie finden - Tagesfamilien Bezirk Affoltern","og_url":"https:\/\/www.tagesfamilien-aaa.ch\/index.php\/abgebende\/","og_site_name":"Tagesfamilien Bezirk Affoltern","article_publisher":"https:\/\/www.facebook.com\/100000805876953\/posts\/2095824770454365?sfns=mo","article_modified_time":"2025-06-23T07:08:20+00:00","twitter_card":"summary_large_image","twitter_misc":{"Gesch\u00e4tzte Lesezeit":"3\u00a0Minuten"},"schema":{"@context":"https:\/\/schema.org","@graph":[{"@type":"WebPage","@id":"https:\/\/www.tagesfamilien-aaa.ch\/index.php\/abgebende\/","url":"https:\/\/www.tagesfamilien-aaa.ch\/index.php\/abgebende\/","name":"Tagesfamilie finden - Tagesfamilien Bezirk Affoltern","isPartOf":{"@id":"https:\/\/www.tagesfamilien-aaa.ch\/#website"},"datePublished":"2018-04-23T18:28:23+00:00","dateModified":"2025-06-23T07:08:20+00:00","breadcrumb":{"@id":"https:\/\/www.tagesfamilien-aaa.ch\/index.php\/abgebende\/#breadcrumb"},"inLanguage":"de","potentialAction":[{"@type":"ReadAction","target":["https:\/\/www.tagesfamilien-aaa.ch\/index.php\/abgebende\/"]}]},{"@type":"BreadcrumbList","@id":"https:\/\/www.tagesfamilien-aaa.ch\/index.php\/abgebende\/#breadcrumb","itemListElement":[{"@type":"ListItem","position":1,"name":"Startseite","item":"https:\/\/www.tagesfamilien-aaa.ch\/"},{"@type":"ListItem","position":2,"name":"Tagesfamilie finden"}]},{"@type":"WebSite","@id":"https:\/\/www.tagesfamilien-aaa.ch\/#website","url":"https:\/\/www.tagesfamilien-aaa.ch\/","name":"Tagesfamilien Bezirk Affoltern","description":"","publisher":{"@id":"https:\/\/www.tagesfamilien-aaa.ch\/#organization"},"potentialAction":[{"@type":"SearchAction","target":{"@type":"EntryPoint","urlTemplate":"https:\/\/www.tagesfamilien-aaa.ch\/?s={search_term_string}"},"query-input":{"@type":"PropertyValueSpecification","valueRequired":true,"valueName":"search_term_string"}}],"inLanguage":"de"},{"@type":"Organization","@id":"https:\/\/www.tagesfamilien-aaa.ch\/#organization","name":"Tagesfamilien Bezirk Affoltern","url":"https:\/\/www.tagesfamilien-aaa.ch\/","logo":{"@type":"ImageObject","inLanguage":"de","@id":"https:\/\/www.tagesfamilien-aaa.ch\/#\/schema\/logo\/image\/","url":"https:\/\/www.tagesfamilien-aaa.ch\/wp-content\/uploads\/2019\/01\/TFBA_Logo.jpg","contentUrl":"https:\/\/www.tagesfamilien-aaa.ch\/wp-content\/uploads\/2019\/01\/TFBA_Logo.jpg","width":630,"height":270,"caption":"Tagesfamilien Bezirk Affoltern"},"image":{"@id":"https:\/\/www.tagesfamilien-aaa.ch\/#\/schema\/logo\/image\/"},"sameAs":["https:\/\/www.facebook.com\/100000805876953\/posts\/2095824770454365?sfns=mo"]}]}},"_links":{"self":[{"href":"https:\/\/www.tagesfamilien-aaa.ch\/index.php\/wp-json\/wp\/v2\/pages\/1795","targetHints":{"allow":["GET"]}}],"collection":[{"href":"https:\/\/www.tagesfamilien-aaa.ch\/index.php\/wp-json\/wp\/v2\/pages"}],"about":[{"href":"https:\/\/www.tagesfamilien-aaa.ch\/index.php\/wp-json\/wp\/v2\/types\/page"}],"author":[{"embeddable":true,"href":"https:\/\/www.tagesfamilien-aaa.ch\/index.php\/wp-json\/wp\/v2\/users\/2"}],"replies":[{"embeddable":true,"href":"https:\/\/www.tagesfamilien-aaa.ch\/index.php\/wp-json\/wp\/v2\/comments?post=1795"}],"version-history":[{"count":86,"href":"https:\/\/www.tagesfamilien-aaa.ch\/index.php\/wp-json\/wp\/v2\/pages\/1795\/revisions"}],"predecessor-version":[{"id":5205,"href":"https:\/\/www.tagesfamilien-aaa.ch\/index.php\/wp-json\/wp\/v2\/pages\/1795\/revisions\/5205"}],"wp:attachment":[{"href":"https:\/\/www.tagesfamilien-aaa.ch\/index.php\/wp-json\/wp\/v2\/media?parent=1795"}],"curies":[{"name":"wp","href":"https:\/\/api.w.org\/{rel}","templated":true}]}}